{"id":114,"date":"2020-12-04T18:43:29","date_gmt":"2020-12-04T18:43:29","guid":{"rendered":"http:\/\/www.udpcuenca.com\/?page_id=114"},"modified":"2025-11-13T08:43:25","modified_gmt":"2025-11-13T08:43:25","slug":"programas-para-la-salud","status":"publish","type":"page","link":"https:\/\/www.udpcuenca.com\/index.php\/programas-para-la-salud\/","title":{"rendered":"Programas para la Salud"},"content":{"rendered":"\n<h3 class=\"wp-block-heading has-text-align-center\">Tarjeta Socio a Usar con los Servicios del Programa de Salud<\/h3>\n\n\n\n<div class=\"wp-block-group alignwide\"><div class=\"wp-block-group__inner-container is-layout-flow wp-block-group-is-layout-flow\">\n<div class=\"wp-block-columns alignwide is-layout-flex wp-container-core-columns-is-layout-9d6595d7 wp-block-columns-is-layout-flex\">\n<div class=\"wp-block-column is-layout-flow wp-block-column-is-layout-flow\">\n<div class=\"wp-block-group\"><div class=\"wp-block-group__inner-container is-layout-flow wp-block-group-is-layout-flow\">\n<h2 class=\"wp-block-heading has-text-align-center\">Tarjeta Socio<\/h2>\n\n\n\n<figure class=\"wp-block-image size-large\"><img loading=\"lazy\" decoding=\"async\" width=\"1024\" height=\"664\" src=\"https:\/\/www.udpcuenca.com\/wp-content\/uploads\/2025\/10\/Carnet-de-socio-Delante-1024x664.png\" alt=\"\" class=\"wp-image-22398\" srcset=\"https:\/\/www.udpcuenca.com\/wp-content\/uploads\/2025\/10\/Carnet-de-socio-Delante-1024x664.png 1024w, https:\/\/www.udpcuenca.com\/wp-content\/uploads\/2025\/10\/Carnet-de-socio-Delante-300x194.png 300w, https:\/\/www.udpcuenca.com\/wp-content\/uploads\/2025\/10\/Carnet-de-socio-Delante-768x498.png 768w, https:\/\/www.udpcuenca.com\/wp-content\/uploads\/2025\/10\/Carnet-de-socio-Delante-1536x996.png 1536w, https:\/\/www.udpcuenca.com\/wp-content\/uploads\/2025\/10\/Carnet-de-socio-Delante-2048x1327.png 2048w, https:\/\/www.udpcuenca.com\/wp-content\/uploads\/2025\/10\/Carnet-de-socio-Delante-1200x778.png 1200w, https:\/\/www.udpcuenca.com\/wp-content\/uploads\/2025\/10\/Carnet-de-socio-Delante-1980x1283.png 1980w, https:\/\/www.udpcuenca.com\/wp-content\/uploads\/2025\/10\/Carnet-de-socio-Delante-450x292.png 450w, https:\/\/www.udpcuenca.com\/wp-content\/uploads\/2025\/10\/Carnet-de-socio-Delante-600x389.png 600w\" sizes=\"auto, (max-width: 1024px) 100vw, 1024px\" \/><\/figure>\n\n\n\n<h2 class=\"wp-block-heading has-text-align-center\">Podolog\u00eda<\/h2>\n\n\n\n<figure class=\"wp-block-image size-full\"><a href=\"https:\/\/www.udpcuenca.com\/index.php\/podologia-2\/\"><img loading=\"lazy\" decoding=\"async\" width=\"914\" height=\"800\" src=\"https:\/\/www.udpcuenca.com\/wp-content\/uploads\/2020\/12\/Podologia-UDP-Cuenca.jpg\" alt=\"\" class=\"wp-image-144\" srcset=\"https:\/\/www.udpcuenca.com\/wp-content\/uploads\/2020\/12\/Podologia-UDP-Cuenca.jpg 914w, https:\/\/www.udpcuenca.com\/wp-content\/uploads\/2020\/12\/Podologia-UDP-Cuenca-450x394.jpg 450w, https:\/\/www.udpcuenca.com\/wp-content\/uploads\/2020\/12\/Podologia-UDP-Cuenca-600x525.jpg 600w, https:\/\/www.udpcuenca.com\/wp-content\/uploads\/2020\/12\/Podologia-UDP-Cuenca-300x263.jpg 300w, https:\/\/www.udpcuenca.com\/wp-content\/uploads\/2020\/12\/Podologia-UDP-Cuenca-768x672.jpg 768w\" sizes=\"auto, (max-width: 914px) 100vw, 914px\" \/><\/a><\/figure>\n<\/div><\/div>\n\n\n\n<h2 class=\"wp-block-heading has-text-align-center\">Fisioterapia<\/h2>\n\n\n\n<figure class=\"wp-block-image size-full\"><a href=\"https:\/\/www.udpcuenca.com\/index.php\/fisioterapia\/\"><img loading=\"lazy\" decoding=\"async\" width=\"628\" height=\"550\" src=\"https:\/\/www.udpcuenca.com\/wp-content\/uploads\/2020\/12\/Fisioterapia-UDP-Cuenca.jpg\" alt=\"\" class=\"wp-image-145\" srcset=\"https:\/\/www.udpcuenca.com\/wp-content\/uploads\/2020\/12\/Fisioterapia-UDP-Cuenca.jpg 628w, https:\/\/www.udpcuenca.com\/wp-content\/uploads\/2020\/12\/Fisioterapia-UDP-Cuenca-450x394.jpg 450w, https:\/\/www.udpcuenca.com\/wp-content\/uploads\/2020\/12\/Fisioterapia-UDP-Cuenca-600x525.jpg 600w, https:\/\/www.udpcuenca.com\/wp-content\/uploads\/2020\/12\/Fisioterapia-UDP-Cuenca-300x263.jpg 300w\" sizes=\"auto, (max-width: 628px) 100vw, 628px\" \/><\/a><\/figure>\n\n\n\n<div class=\"wp-block-group\"><div class=\"wp-block-group__inner-container is-layout-flow wp-block-group-is-layout-flow\">\n<h2 class=\"wp-block-heading has-text-align-center\">Psicolog\u00eda<\/h2>\n\n\n\n<figure class=\"wp-block-image size-full is-resized\"><a href=\"https:\/\/www.udpcuenca.com\/index.php\/psicologia\/\"><img loading=\"lazy\" decoding=\"async\" width=\"400\" height=\"350\" src=\"https:\/\/www.udpcuenca.com\/wp-content\/uploads\/2020\/12\/Psicologia-UDP-Cuenca.jpg\" alt=\"\" class=\"wp-image-148\" style=\"width:579px;height:auto\" srcset=\"https:\/\/www.udpcuenca.com\/wp-content\/uploads\/2020\/12\/Psicologia-UDP-Cuenca.jpg 400w, https:\/\/www.udpcuenca.com\/wp-content\/uploads\/2020\/12\/Psicologia-UDP-Cuenca-300x263.jpg 300w\" sizes=\"auto, (max-width: 400px) 100vw, 400px\" \/><\/a><\/figure>\n<\/div><\/div>\n<\/div>\n\n\n\n<div class=\"wp-block-column is-layout-flow wp-block-column-is-layout-flow\">\n<div class=\"wp-block-group\"><div class=\"wp-block-group__inner-container is-layout-flow wp-block-group-is-layout-flow\">\n<h2 class=\"wp-block-heading has-text-align-center\">Tarjeta Detr\u00e1s<\/h2>\n\n\n\n<figure class=\"wp-block-image size-large\"><img loading=\"lazy\" decoding=\"async\" width=\"1024\" height=\"668\" src=\"https:\/\/www.udpcuenca.com\/wp-content\/uploads\/2025\/10\/Carnet-de-socio-Detras-1024x668.png\" alt=\"\" class=\"wp-image-22399\" srcset=\"https:\/\/www.udpcuenca.com\/wp-content\/uploads\/2025\/10\/Carnet-de-socio-Detras-1024x668.png 1024w, https:\/\/www.udpcuenca.com\/wp-content\/uploads\/2025\/10\/Carnet-de-socio-Detras-300x196.png 300w, https:\/\/www.udpcuenca.com\/wp-content\/uploads\/2025\/10\/Carnet-de-socio-Detras-768x501.png 768w, https:\/\/www.udpcuenca.com\/wp-content\/uploads\/2025\/10\/Carnet-de-socio-Detras-1536x1002.png 1536w, https:\/\/www.udpcuenca.com\/wp-content\/uploads\/2025\/10\/Carnet-de-socio-Detras-2048x1336.png 2048w, https:\/\/www.udpcuenca.com\/wp-content\/uploads\/2025\/10\/Carnet-de-socio-Detras-1200x783.png 1200w, https:\/\/www.udpcuenca.com\/wp-content\/uploads\/2025\/10\/Carnet-de-socio-Detras-1980x1292.png 1980w, https:\/\/www.udpcuenca.com\/wp-content\/uploads\/2025\/10\/Carnet-de-socio-Detras-450x294.png 450w, https:\/\/www.udpcuenca.com\/wp-content\/uploads\/2025\/10\/Carnet-de-socio-Detras-600x391.png 600w\" sizes=\"auto, (max-width: 1024px) 100vw, 1024px\" \/><\/figure>\n\n\n\n<h2 class=\"wp-block-heading has-text-align-center\">Audici\u00f3n<\/h2>\n\n\n\n<figure class=\"wp-block-image size-full\"><a href=\"https:\/\/www.udpcuenca.com\/index.php\/audicion\/\"><img loading=\"lazy\" decoding=\"async\" width=\"600\" height=\"525\" src=\"https:\/\/www.udpcuenca.com\/wp-content\/uploads\/2020\/12\/besser_hoeren.jpg\" alt=\"\" class=\"wp-image-117\" srcset=\"https:\/\/www.udpcuenca.com\/wp-content\/uploads\/2020\/12\/besser_hoeren.jpg 600w, https:\/\/www.udpcuenca.com\/wp-content\/uploads\/2020\/12\/besser_hoeren-450x394.jpg 450w, https:\/\/www.udpcuenca.com\/wp-content\/uploads\/2020\/12\/besser_hoeren-300x263.jpg 300w\" sizes=\"auto, (max-width: 600px) 100vw, 600px\" \/><\/a><\/figure>\n<\/div><\/div>\n\n\n\n<h2 class=\"wp-block-heading has-text-align-center\">Odontolog\u00eda<\/h2>\n\n\n\n<figure class=\"wp-block-image size-full\"><a href=\"https:\/\/www.udpcuenca.com\/index.php\/odontologia\/\"><img loading=\"lazy\" decoding=\"async\" width=\"720\" height=\"630\" src=\"https:\/\/www.udpcuenca.com\/wp-content\/uploads\/2020\/12\/Odontologia-UDP-Cuenca.jpg\" alt=\"\" class=\"wp-image-147\" srcset=\"https:\/\/www.udpcuenca.com\/wp-content\/uploads\/2020\/12\/Odontologia-UDP-Cuenca.jpg 720w, https:\/\/www.udpcuenca.com\/wp-content\/uploads\/2020\/12\/Odontologia-UDP-Cuenca-450x394.jpg 450w, https:\/\/www.udpcuenca.com\/wp-content\/uploads\/2020\/12\/Odontologia-UDP-Cuenca-600x525.jpg 600w, https:\/\/www.udpcuenca.com\/wp-content\/uploads\/2020\/12\/Odontologia-UDP-Cuenca-300x263.jpg 300w\" sizes=\"auto, (max-width: 720px) 100vw, 720px\" \/><\/a><\/figure>\n\n\n\n<div class=\"wp-block-group\"><div class=\"wp-block-group__inner-container is-layout-flow wp-block-group-is-layout-flow\">\n<h2 class=\"wp-block-heading has-text-align-center\">Prevenci\u00f3n<\/h2>\n\n\n\n<figure class=\"wp-block-image size-full\"><a href=\"https:\/\/www.udpcuenca.com\/index.php\/prevencion\/\"><img loading=\"lazy\" decoding=\"async\" width=\"700\" height=\"525\" src=\"https:\/\/www.udpcuenca.com\/wp-content\/uploads\/2020\/12\/mejorar-estado-salud-rapido.jpg\" alt=\"\" class=\"wp-image-118\" srcset=\"https:\/\/www.udpcuenca.com\/wp-content\/uploads\/2020\/12\/mejorar-estado-salud-rapido.jpg 700w, https:\/\/www.udpcuenca.com\/wp-content\/uploads\/2020\/12\/mejorar-estado-salud-rapido-450x338.jpg 450w, https:\/\/www.udpcuenca.com\/wp-content\/uploads\/2020\/12\/mejorar-estado-salud-rapido-600x450.jpg 600w, https:\/\/www.udpcuenca.com\/wp-content\/uploads\/2020\/12\/mejorar-estado-salud-rapido-300x225.jpg 300w\" sizes=\"auto, (max-width: 700px) 100vw, 700px\" \/><\/a><\/figure>\n<\/div><\/div>\n<\/div>\n<\/div>\n<\/div><\/div>\n\n\n\n<div class=\"wp-block-columns alignwide is-layout-flex wp-container-core-columns-is-layout-9d6595d7 wp-block-columns-is-layout-flex\">\n<div class=\"wp-block-column is-layout-flow wp-block-column-is-layout-flow\">\n<h2 class=\"wp-block-heading has-text-align-center\">Gimnasia Activa<\/h2>\n\n\n\n<div class=\"wp-block-group\"><div class=\"wp-block-group__inner-container is-layout-flow wp-block-group-is-layout-flow\">\n<figure class=\"wp-block-image size-full is-resized\"><img loading=\"lazy\" decoding=\"async\" width=\"679\" height=\"679\" src=\"https:\/\/www.udpcuenca.com\/wp-content\/uploads\/2021\/02\/GimnasiaActiva.jpg\" alt=\"\" class=\"wp-image-619\" style=\"width:511px;height:auto\" srcset=\"https:\/\/www.udpcuenca.com\/wp-content\/uploads\/2021\/02\/GimnasiaActiva.jpg 679w, https:\/\/www.udpcuenca.com\/wp-content\/uploads\/2021\/02\/GimnasiaActiva-450x450.jpg 450w, https:\/\/www.udpcuenca.com\/wp-content\/uploads\/2021\/02\/GimnasiaActiva-100x100.jpg 100w, https:\/\/www.udpcuenca.com\/wp-content\/uploads\/2021\/02\/GimnasiaActiva-600x600.jpg 600w, https:\/\/www.udpcuenca.com\/wp-content\/uploads\/2021\/02\/GimnasiaActiva-300x300.jpg 300w, https:\/\/www.udpcuenca.com\/wp-content\/uploads\/2021\/02\/GimnasiaActiva-150x150.jpg 150w\" sizes=\"auto, (max-width: 679px) 100vw, 679px\" \/><\/figure>\n\n\n\n<h2 class=\"wp-block-heading has-text-align-center\">Asociacion Contra el C\u00e1ncer<\/h2>\n\n\n\n<figure class=\"wp-block-image size-full\"><img loading=\"lazy\" decoding=\"async\" width=\"650\" height=\"366\" src=\"https:\/\/www.udpcuenca.com\/wp-content\/uploads\/2024\/05\/Asociacion-Espanola-Contra-el-Cancer-Logo-650x366-1.png\" alt=\"\" class=\"wp-image-2469\" srcset=\"https:\/\/www.udpcuenca.com\/wp-content\/uploads\/2024\/05\/Asociacion-Espanola-Contra-el-Cancer-Logo-650x366-1.png 650w, https:\/\/www.udpcuenca.com\/wp-content\/uploads\/2024\/05\/Asociacion-Espanola-Contra-el-Cancer-Logo-650x366-1-300x169.png 300w, https:\/\/www.udpcuenca.com\/wp-content\/uploads\/2024\/05\/Asociacion-Espanola-Contra-el-Cancer-Logo-650x366-1-450x253.png 450w, https:\/\/www.udpcuenca.com\/wp-content\/uploads\/2024\/05\/Asociacion-Espanola-Contra-el-Cancer-Logo-650x366-1-600x338.png 600w\" sizes=\"auto, (max-width: 650px) 100vw, 650px\" \/><\/figure>\n\n\n\n<h3 class=\"wp-block-heading has-text-align-center\"><\/h3>\n<\/div><\/div>\n<\/div>\n\n\n\n<div class=\"wp-block-column is-layout-flow wp-block-column-is-layout-flow\">\n<div class=\"wp-block-group\"><div class=\"wp-block-group__inner-container is-layout-flow wp-block-group-is-layout-flow\">\n<h2 class=\"wp-block-heading has-text-align-center\">Oftalmolog\u00eda<\/h2>\n<\/div><\/div>\n\n\n\n<figure class=\"wp-block-image size-large is-resized\"><img loading=\"lazy\" decoding=\"async\" width=\"1024\" height=\"896\" src=\"https:\/\/www.udpcuenca.com\/wp-content\/uploads\/2020\/12\/Oftalmologogia-UDP-Cuenca-1024x896.jpg\" alt=\"\" class=\"wp-image-150\" style=\"width:579px;height:auto\" srcset=\"https:\/\/www.udpcuenca.com\/wp-content\/uploads\/2020\/12\/Oftalmologogia-UDP-Cuenca-1024x896.jpg 1024w, https:\/\/www.udpcuenca.com\/wp-content\/uploads\/2020\/12\/Oftalmologogia-UDP-Cuenca-450x394.jpg 450w, https:\/\/www.udpcuenca.com\/wp-content\/uploads\/2020\/12\/Oftalmologogia-UDP-Cuenca-600x525.jpg 600w, https:\/\/www.udpcuenca.com\/wp-content\/uploads\/2020\/12\/Oftalmologogia-UDP-Cuenca-300x262.jpg 300w, https:\/\/www.udpcuenca.com\/wp-content\/uploads\/2020\/12\/Oftalmologogia-UDP-Cuenca-768x672.jpg 768w, https:\/\/www.udpcuenca.com\/wp-content\/uploads\/2020\/12\/Oftalmologogia-UDP-Cuenca-1536x1344.jpg 1536w, https:\/\/www.udpcuenca.com\/wp-content\/uploads\/2020\/12\/Oftalmologogia-UDP-Cuenca-1200x1050.jpg 1200w, https:\/\/www.udpcuenca.com\/wp-content\/uploads\/2020\/12\/Oftalmologogia-UDP-Cuenca.jpg 1911w\" sizes=\"auto, (max-width: 1024px) 100vw, 1024px\" \/><\/figure>\n<\/div>\n<\/div>\n","protected":false},"excerpt":{"rendered":"<p>Tarjeta Socio a Usar con los Servicios del Programa de Salud Tarjeta Socio Podolog\u00eda Fisioterapia Psicolog\u00eda Tarjeta Detr\u00e1s Audici\u00f3n Odontolog\u00eda Prevenci\u00f3n Gimnasia Activa Asociacion Contra el C\u00e1ncer Oftalmolog\u00eda<\/p>\n","protected":false},"author":1,"featured_media":111,"parent":0,"menu_order":0,"comment_status":"closed","ping_status":"closed","template":"templates\/template-cover.php","meta":{"_monsterinsights_skip_tracking":false,"_monsterinsights_sitenote_active":false,"_monsterinsights_sitenote_note":"","_monsterinsights_sitenote_category":0,"footnotes":""},"class_list":["post-114","page","type-page","status-publish","has-post-thumbnail","hentry"],"yoast_head":"<!-- This site is optimized with the Yoast SEO plugin v27.5 - https:\/\/yoast.com\/product\/yoast-seo-wordpress\/ -->\n<title>Programas para la Salud - UDP Cuenca<\/title>\n<meta name=\"description\" content=\"La salud es esencial y parte de nuestra vida y m\u00e1s a una edad avanzada en la que la sociedad y la alimentaci\u00f3n no es tan saludable como antes.\" \/>\n<meta name=\"robots\" content=\"index, follow, max-snippet:-1, max-image-preview:large, max-video-preview:-1\" \/>\n<link rel=\"canonical\" href=\"https:\/\/www.udpcuenca.com\/index.php\/programas-para-la-salud\/\" \/>\n<meta property=\"og:locale\" content=\"es_ES\" \/>\n<meta property=\"og:type\" content=\"article\" \/>\n<meta property=\"og:title\" content=\"Programas para la Salud - UDP Cuenca\" \/>\n<meta property=\"og:description\" content=\"La salud es esencial y parte de nuestra vida y m\u00e1s a una edad avanzada en la que la sociedad y la alimentaci\u00f3n no es tan saludable como antes.\" \/>\n<meta property=\"og:url\" content=\"https:\/\/www.udpcuenca.com\/index.php\/programas-para-la-salud\/\" \/>\n<meta property=\"og:site_name\" content=\"UDP Cuenca\" \/>\n<meta property=\"article:modified_time\" content=\"2025-11-13T08:43:25+00:00\" \/>\n<meta property=\"og:image\" content=\"https:\/\/www.udpcuenca.com\/wp-content\/uploads\/2020\/12\/corazon.jpg\" \/>\n\t<meta property=\"og:image:width\" content=\"652\" \/>\n\t<meta property=\"og:image:height\" content=\"342\" \/>\n\t<meta property=\"og:image:type\" content=\"image\/jpeg\" \/>\n<meta name=\"twitter:card\" content=\"summary_large_image\" \/>\n<meta name=\"twitter:label1\" content=\"Tiempo de lectura\" \/>\n\t<meta name=\"twitter:data1\" content=\"3 minutos\" \/>\n<script type=\"application\/ld+json\" class=\"yoast-schema-graph\">{\"@context\":\"https:\\\/\\\/schema.org\",\"@graph\":[{\"@type\":\"WebPage\",\"@id\":\"https:\\\/\\\/www.udpcuenca.com\\\/index.php\\\/programas-para-la-salud\\\/\",\"url\":\"https:\\\/\\\/www.udpcuenca.com\\\/index.php\\\/programas-para-la-salud\\\/\",\"name\":\"Programas para la Salud - UDP Cuenca\",\"isPartOf\":{\"@id\":\"https:\\\/\\\/www.udpcuenca.com\\\/#website\"},\"primaryImageOfPage\":{\"@id\":\"https:\\\/\\\/www.udpcuenca.com\\\/index.php\\\/programas-para-la-salud\\\/#primaryimage\"},\"image\":{\"@id\":\"https:\\\/\\\/www.udpcuenca.com\\\/index.php\\\/programas-para-la-salud\\\/#primaryimage\"},\"thumbnailUrl\":\"https:\\\/\\\/www.udpcuenca.com\\\/wp-content\\\/uploads\\\/2020\\\/12\\\/corazon.jpg\",\"datePublished\":\"2020-12-04T18:43:29+00:00\",\"dateModified\":\"2025-11-13T08:43:25+00:00\",\"description\":\"La salud es esencial y parte de nuestra vida y m\u00e1s a una edad avanzada en la que la sociedad y la alimentaci\u00f3n no es tan saludable como antes.\",\"breadcrumb\":{\"@id\":\"https:\\\/\\\/www.udpcuenca.com\\\/index.php\\\/programas-para-la-salud\\\/#breadcrumb\"},\"inLanguage\":\"es\",\"potentialAction\":[{\"@type\":\"ReadAction\",\"target\":[\"https:\\\/\\\/www.udpcuenca.com\\\/index.php\\\/programas-para-la-salud\\\/\"]}]},{\"@type\":\"ImageObject\",\"inLanguage\":\"es\",\"@id\":\"https:\\\/\\\/www.udpcuenca.com\\\/index.php\\\/programas-para-la-salud\\\/#primaryimage\",\"url\":\"https:\\\/\\\/www.udpcuenca.com\\\/wp-content\\\/uploads\\\/2020\\\/12\\\/corazon.jpg\",\"contentUrl\":\"https:\\\/\\\/www.udpcuenca.com\\\/wp-content\\\/uploads\\\/2020\\\/12\\\/corazon.jpg\",\"width\":652,\"height\":342},{\"@type\":\"BreadcrumbList\",\"@id\":\"https:\\\/\\\/www.udpcuenca.com\\\/index.php\\\/programas-para-la-salud\\\/#breadcrumb\",\"itemListElement\":[{\"@type\":\"ListItem\",\"position\":1,\"name\":\"Portada\",\"item\":\"https:\\\/\\\/www.udpcuenca.com\\\/\"},{\"@type\":\"ListItem\",\"position\":2,\"name\":\"Programas para la Salud\"}]},{\"@type\":\"WebSite\",\"@id\":\"https:\\\/\\\/www.udpcuenca.com\\\/#website\",\"url\":\"https:\\\/\\\/www.udpcuenca.com\\\/\",\"name\":\"UDP Cuenca\",\"description\":\"Asociaci\u00f3n Democr\u00e1tica de Jubilados y Pensionistas &quot;San Julian&quot; UDP Cuenca\",\"publisher\":{\"@id\":\"https:\\\/\\\/www.udpcuenca.com\\\/#organization\"},\"potentialAction\":[{\"@type\":\"SearchAction\",\"target\":{\"@type\":\"EntryPoint\",\"urlTemplate\":\"https:\\\/\\\/www.udpcuenca.com\\\/?s={search_term_string}\"},\"query-input\":{\"@type\":\"PropertyValueSpecification\",\"valueRequired\":true,\"valueName\":\"search_term_string\"}}],\"inLanguage\":\"es\"},{\"@type\":\"Organization\",\"@id\":\"https:\\\/\\\/www.udpcuenca.com\\\/#organization\",\"name\":\"UDP Cuenca\",\"url\":\"https:\\\/\\\/www.udpcuenca.com\\\/\",\"logo\":{\"@type\":\"ImageObject\",\"inLanguage\":\"es\",\"@id\":\"https:\\\/\\\/www.udpcuenca.com\\\/#\\\/schema\\\/logo\\\/image\\\/\",\"url\":\"https:\\\/\\\/www.udpcuenca.com\\\/wp-content\\\/uploads\\\/2024\\\/11\\\/cropped-Imagen781.png\",\"contentUrl\":\"https:\\\/\\\/www.udpcuenca.com\\\/wp-content\\\/uploads\\\/2024\\\/11\\\/cropped-Imagen781.png\",\"width\":583,\"height\":158,\"caption\":\"UDP Cuenca\"},\"image\":{\"@id\":\"https:\\\/\\\/www.udpcuenca.com\\\/#\\\/schema\\\/logo\\\/image\\\/\"}}]}<\/script>\n<!-- \/ Yoast SEO plugin. -->","yoast_head_json":{"title":"Programas para la Salud - UDP Cuenca","description":"La salud es esencial y parte de nuestra vida y m\u00e1s a una edad avanzada en la que la sociedad y la alimentaci\u00f3n no es tan saludable como antes.","robots":{"index":"index","follow":"follow","max-snippet":"max-snippet:-1","max-image-preview":"max-image-preview:large","max-video-preview":"max-video-preview:-1"},"canonical":"https:\/\/www.udpcuenca.com\/index.php\/programas-para-la-salud\/","og_locale":"es_ES","og_type":"article","og_title":"Programas para la Salud - UDP Cuenca","og_description":"La salud es esencial y parte de nuestra vida y m\u00e1s a una edad avanzada en la que la sociedad y la alimentaci\u00f3n no es tan saludable como antes.","og_url":"https:\/\/www.udpcuenca.com\/index.php\/programas-para-la-salud\/","og_site_name":"UDP Cuenca","article_modified_time":"2025-11-13T08:43:25+00:00","og_image":[{"width":652,"height":342,"url":"https:\/\/www.udpcuenca.com\/wp-content\/uploads\/2020\/12\/corazon.jpg","type":"image\/jpeg"}],"twitter_card":"summary_large_image","twitter_misc":{"Tiempo de lectura":"3 minutos"},"schema":{"@context":"https:\/\/schema.org","@graph":[{"@type":"WebPage","@id":"https:\/\/www.udpcuenca.com\/index.php\/programas-para-la-salud\/","url":"https:\/\/www.udpcuenca.com\/index.php\/programas-para-la-salud\/","name":"Programas para la Salud - UDP Cuenca","isPartOf":{"@id":"https:\/\/www.udpcuenca.com\/#website"},"primaryImageOfPage":{"@id":"https:\/\/www.udpcuenca.com\/index.php\/programas-para-la-salud\/#primaryimage"},"image":{"@id":"https:\/\/www.udpcuenca.com\/index.php\/programas-para-la-salud\/#primaryimage"},"thumbnailUrl":"https:\/\/www.udpcuenca.com\/wp-content\/uploads\/2020\/12\/corazon.jpg","datePublished":"2020-12-04T18:43:29+00:00","dateModified":"2025-11-13T08:43:25+00:00","description":"La salud es esencial y parte de nuestra vida y m\u00e1s a una edad avanzada en la que la sociedad y la alimentaci\u00f3n no es tan saludable como antes.","breadcrumb":{"@id":"https:\/\/www.udpcuenca.com\/index.php\/programas-para-la-salud\/#breadcrumb"},"inLanguage":"es","potentialAction":[{"@type":"ReadAction","target":["https:\/\/www.udpcuenca.com\/index.php\/programas-para-la-salud\/"]}]},{"@type":"ImageObject","inLanguage":"es","@id":"https:\/\/www.udpcuenca.com\/index.php\/programas-para-la-salud\/#primaryimage","url":"https:\/\/www.udpcuenca.com\/wp-content\/uploads\/2020\/12\/corazon.jpg","contentUrl":"https:\/\/www.udpcuenca.com\/wp-content\/uploads\/2020\/12\/corazon.jpg","width":652,"height":342},{"@type":"BreadcrumbList","@id":"https:\/\/www.udpcuenca.com\/index.php\/programas-para-la-salud\/#breadcrumb","itemListElement":[{"@type":"ListItem","position":1,"name":"Portada","item":"https:\/\/www.udpcuenca.com\/"},{"@type":"ListItem","position":2,"name":"Programas para la Salud"}]},{"@type":"WebSite","@id":"https:\/\/www.udpcuenca.com\/#website","url":"https:\/\/www.udpcuenca.com\/","name":"UDP Cuenca","description":"Asociaci\u00f3n Democr\u00e1tica de Jubilados y Pensionistas &quot;San Julian&quot; UDP Cuenca","publisher":{"@id":"https:\/\/www.udpcuenca.com\/#organization"},"potentialAction":[{"@type":"SearchAction","target":{"@type":"EntryPoint","urlTemplate":"https:\/\/www.udpcuenca.com\/?s={search_term_string}"},"query-input":{"@type":"PropertyValueSpecification","valueRequired":true,"valueName":"search_term_string"}}],"inLanguage":"es"},{"@type":"Organization","@id":"https:\/\/www.udpcuenca.com\/#organization","name":"UDP Cuenca","url":"https:\/\/www.udpcuenca.com\/","logo":{"@type":"ImageObject","inLanguage":"es","@id":"https:\/\/www.udpcuenca.com\/#\/schema\/logo\/image\/","url":"https:\/\/www.udpcuenca.com\/wp-content\/uploads\/2024\/11\/cropped-Imagen781.png","contentUrl":"https:\/\/www.udpcuenca.com\/wp-content\/uploads\/2024\/11\/cropped-Imagen781.png","width":583,"height":158,"caption":"UDP Cuenca"},"image":{"@id":"https:\/\/www.udpcuenca.com\/#\/schema\/logo\/image\/"}}]}},"_links":{"self":[{"href":"https:\/\/www.udpcuenca.com\/index.php\/wp-json\/wp\/v2\/pages\/114","targetHints":{"allow":["GET"]}}],"collection":[{"href":"https:\/\/www.udpcuenca.com\/index.php\/wp-json\/wp\/v2\/pages"}],"about":[{"href":"https:\/\/www.udpcuenca.com\/index.php\/wp-json\/wp\/v2\/types\/page"}],"author":[{"embeddable":true,"href":"https:\/\/www.udpcuenca.com\/index.php\/wp-json\/wp\/v2\/users\/1"}],"replies":[{"embeddable":true,"href":"https:\/\/www.udpcuenca.com\/index.php\/wp-json\/wp\/v2\/comments?post=114"}],"version-history":[{"count":50,"href":"https:\/\/www.udpcuenca.com\/index.php\/wp-json\/wp\/v2\/pages\/114\/revisions"}],"predecessor-version":[{"id":22400,"href":"https:\/\/www.udpcuenca.com\/index.php\/wp-json\/wp\/v2\/pages\/114\/revisions\/22400"}],"wp:featuredmedia":[{"embeddable":true,"href":"https:\/\/www.udpcuenca.com\/index.php\/wp-json\/wp\/v2\/media\/111"}],"wp:attachment":[{"href":"https:\/\/www.udpcuenca.com\/index.php\/wp-json\/wp\/v2\/media?parent=114"}],"curies":[{"name":"wp","href":"https:\/\/api.w.org\/{rel}","templated":true}]}}