{"id":1304,"date":"2022-01-25T19:33:36","date_gmt":"2022-01-25T19:33:36","guid":{"rendered":"https:\/\/www.udpcuenca.com\/?page_id=1304"},"modified":"2022-01-26T12:40:26","modified_gmt":"2022-01-26T12:40:26","slug":"relacion-con-las-instituciones","status":"publish","type":"page","link":"https:\/\/www.udpcuenca.com\/index.php\/relacion-con-las-instituciones\/","title":{"rendered":"Relaci\u00f3n con las Instituciones"},"content":{"rendered":"\n<figure class=\"wp-block-image alignwide size-large\"><img loading=\"lazy\" decoding=\"async\" width=\"1024\" height=\"461\" src=\"https:\/\/www.udpcuenca.com\/wp-content\/uploads\/2022\/01\/IMG_20210824_130303-1024x461.jpg\" alt=\"\" class=\"wp-image-1305\" srcset=\"https:\/\/www.udpcuenca.com\/wp-content\/uploads\/2022\/01\/IMG_20210824_130303-1024x461.jpg 1024w, https:\/\/www.udpcuenca.com\/wp-content\/uploads\/2022\/01\/IMG_20210824_130303-300x135.jpg 300w, https:\/\/www.udpcuenca.com\/wp-content\/uploads\/2022\/01\/IMG_20210824_130303-768x346.jpg 768w, https:\/\/www.udpcuenca.com\/wp-content\/uploads\/2022\/01\/IMG_20210824_130303-1536x691.jpg 1536w, https:\/\/www.udpcuenca.com\/wp-content\/uploads\/2022\/01\/IMG_20210824_130303-2048x922.jpg 2048w, https:\/\/www.udpcuenca.com\/wp-content\/uploads\/2022\/01\/IMG_20210824_130303-1200x540.jpg 1200w, https:\/\/www.udpcuenca.com\/wp-content\/uploads\/2022\/01\/IMG_20210824_130303-1980x891.jpg 1980w, https:\/\/www.udpcuenca.com\/wp-content\/uploads\/2022\/01\/IMG_20210824_130303-450x203.jpg 450w, https:\/\/www.udpcuenca.com\/wp-content\/uploads\/2022\/01\/IMG_20210824_130303-600x270.jpg 600w\" sizes=\"auto, (max-width: 1024px) 100vw, 1024px\" \/><figcaption>Esther Barrios Concejal de Servicios Sociales del Ayuntamiento de Cuenca y Miguel \u00c1ngel Valero Concejal de Turismo<\/figcaption><\/figure>\n\n\n\n<figure class=\"wp-block-image alignwide size-large\"><img loading=\"lazy\" decoding=\"async\" width=\"1024\" height=\"461\" src=\"https:\/\/www.udpcuenca.com\/wp-content\/uploads\/2022\/01\/IMG_20220117_145230-1024x461.jpg\" alt=\"\" class=\"wp-image-1306\" srcset=\"https:\/\/www.udpcuenca.com\/wp-content\/uploads\/2022\/01\/IMG_20220117_145230-1024x461.jpg 1024w, https:\/\/www.udpcuenca.com\/wp-content\/uploads\/2022\/01\/IMG_20220117_145230-300x135.jpg 300w, https:\/\/www.udpcuenca.com\/wp-content\/uploads\/2022\/01\/IMG_20220117_145230-768x346.jpg 768w, https:\/\/www.udpcuenca.com\/wp-content\/uploads\/2022\/01\/IMG_20220117_145230-1536x691.jpg 1536w, https:\/\/www.udpcuenca.com\/wp-content\/uploads\/2022\/01\/IMG_20220117_145230-2048x922.jpg 2048w, https:\/\/www.udpcuenca.com\/wp-content\/uploads\/2022\/01\/IMG_20220117_145230-1200x540.jpg 1200w, https:\/\/www.udpcuenca.com\/wp-content\/uploads\/2022\/01\/IMG_20220117_145230-1980x891.jpg 1980w, https:\/\/www.udpcuenca.com\/wp-content\/uploads\/2022\/01\/IMG_20220117_145230-450x203.jpg 450w, https:\/\/www.udpcuenca.com\/wp-content\/uploads\/2022\/01\/IMG_20220117_145230-600x270.jpg 600w\" sizes=\"auto, (max-width: 1024px) 100vw, 1024px\" \/><figcaption>Alba Rodr\u00edguez Caba\u00f1eros y Amelia L\u00f3pez de Bienestar Social<\/figcaption><\/figure>\n\n\n\n<figure class=\"wp-block-image alignwide size-large\"><img loading=\"lazy\" decoding=\"async\" width=\"1024\" height=\"461\" src=\"https:\/\/www.udpcuenca.com\/wp-content\/uploads\/2022\/01\/IMG_20220117_152607-1024x461.jpg\" alt=\"\" class=\"wp-image-1307\" srcset=\"https:\/\/www.udpcuenca.com\/wp-content\/uploads\/2022\/01\/IMG_20220117_152607-1024x461.jpg 1024w, https:\/\/www.udpcuenca.com\/wp-content\/uploads\/2022\/01\/IMG_20220117_152607-300x135.jpg 300w, https:\/\/www.udpcuenca.com\/wp-content\/uploads\/2022\/01\/IMG_20220117_152607-768x346.jpg 768w, https:\/\/www.udpcuenca.com\/wp-content\/uploads\/2022\/01\/IMG_20220117_152607-1536x691.jpg 1536w, https:\/\/www.udpcuenca.com\/wp-content\/uploads\/2022\/01\/IMG_20220117_152607-2048x922.jpg 2048w, https:\/\/www.udpcuenca.com\/wp-content\/uploads\/2022\/01\/IMG_20220117_152607-1200x540.jpg 1200w, https:\/\/www.udpcuenca.com\/wp-content\/uploads\/2022\/01\/IMG_20220117_152607-1980x891.jpg 1980w, https:\/\/www.udpcuenca.com\/wp-content\/uploads\/2022\/01\/IMG_20220117_152607-450x203.jpg 450w, https:\/\/www.udpcuenca.com\/wp-content\/uploads\/2022\/01\/IMG_20220117_152607-600x270.jpg 600w\" sizes=\"auto, (max-width: 1024px) 100vw, 1024px\" \/><figcaption>Visita Representantes de Bienestar Social y JCCM<\/figcaption><\/figure>\n\n\n\n<figure class=\"wp-block-image alignwide size-full\"><img loading=\"lazy\" decoding=\"async\" width=\"1024\" height=\"683\" src=\"https:\/\/www.udpcuenca.com\/wp-content\/uploads\/2022\/01\/REUNION-DIPUTACION-DE-CUENCA-01-10-2020-4.jpeg\" alt=\"\" class=\"wp-image-1308\" srcset=\"https:\/\/www.udpcuenca.com\/wp-content\/uploads\/2022\/01\/REUNION-DIPUTACION-DE-CUENCA-01-10-2020-4.jpeg 1024w, https:\/\/www.udpcuenca.com\/wp-content\/uploads\/2022\/01\/REUNION-DIPUTACION-DE-CUENCA-01-10-2020-4-300x200.jpeg 300w, https:\/\/www.udpcuenca.com\/wp-content\/uploads\/2022\/01\/REUNION-DIPUTACION-DE-CUENCA-01-10-2020-4-768x512.jpeg 768w, https:\/\/www.udpcuenca.com\/wp-content\/uploads\/2022\/01\/REUNION-DIPUTACION-DE-CUENCA-01-10-2020-4-450x300.jpeg 450w, https:\/\/www.udpcuenca.com\/wp-content\/uploads\/2022\/01\/REUNION-DIPUTACION-DE-CUENCA-01-10-2020-4-600x400.jpeg 600w\" sizes=\"auto, (max-width: 1024px) 100vw, 1024px\" \/><figcaption>Reuni\u00f3n en la Diputaci\u00f3n de Cuenca con el Presidente \u00c1lvaro Mart\u00ednez Chana y Lorena Cantarero Diputada de Servicios Sociales <\/figcaption><\/figure>\n\n\n\n<figure class=\"wp-block-image alignwide size-large\"><img loading=\"lazy\" decoding=\"async\" width=\"1024\" height=\"682\" src=\"https:\/\/www.udpcuenca.com\/wp-content\/uploads\/2022\/01\/REUNION-DIPUTACION-DE-CUENCA-01-10-2020-5-1024x682.jpeg\" alt=\"\" class=\"wp-image-1311\" srcset=\"https:\/\/www.udpcuenca.com\/wp-content\/uploads\/2022\/01\/REUNION-DIPUTACION-DE-CUENCA-01-10-2020-5-1024x682.jpeg 1024w, https:\/\/www.udpcuenca.com\/wp-content\/uploads\/2022\/01\/REUNION-DIPUTACION-DE-CUENCA-01-10-2020-5-300x200.jpeg 300w, https:\/\/www.udpcuenca.com\/wp-content\/uploads\/2022\/01\/REUNION-DIPUTACION-DE-CUENCA-01-10-2020-5-768x512.jpeg 768w, https:\/\/www.udpcuenca.com\/wp-content\/uploads\/2022\/01\/REUNION-DIPUTACION-DE-CUENCA-01-10-2020-5-1536x1023.jpeg 1536w, https:\/\/www.udpcuenca.com\/wp-content\/uploads\/2022\/01\/REUNION-DIPUTACION-DE-CUENCA-01-10-2020-5-1200x800.jpeg 1200w, https:\/\/www.udpcuenca.com\/wp-content\/uploads\/2022\/01\/REUNION-DIPUTACION-DE-CUENCA-01-10-2020-5-450x300.jpeg 450w, https:\/\/www.udpcuenca.com\/wp-content\/uploads\/2022\/01\/REUNION-DIPUTACION-DE-CUENCA-01-10-2020-5-600x400.jpeg 600w, https:\/\/www.udpcuenca.com\/wp-content\/uploads\/2022\/01\/REUNION-DIPUTACION-DE-CUENCA-01-10-2020-5.jpeg 1600w\" sizes=\"auto, (max-width: 1024px) 100vw, 1024px\" \/><figcaption> Reuni\u00f3n en la Diputaci\u00f3n de Cuenca con el Presidente \u00c1lvaro Mart\u00ednez Chana y Lorena Cantarero Diputada de Servicios Sociales  <\/figcaption><\/figure>\n\n\n\n<figure class=\"wp-block-image alignwide size-large\"><img loading=\"lazy\" decoding=\"async\" width=\"1024\" height=\"768\" src=\"https:\/\/www.udpcuenca.com\/wp-content\/uploads\/2022\/01\/REUNION-DIPUTACION-DE-CUENCA-01-10-2020-6-1024x768.jpeg\" alt=\"\" class=\"wp-image-1309\" srcset=\"https:\/\/www.udpcuenca.com\/wp-content\/uploads\/2022\/01\/REUNION-DIPUTACION-DE-CUENCA-01-10-2020-6-1024x768.jpeg 1024w, https:\/\/www.udpcuenca.com\/wp-content\/uploads\/2022\/01\/REUNION-DIPUTACION-DE-CUENCA-01-10-2020-6-300x225.jpeg 300w, https:\/\/www.udpcuenca.com\/wp-content\/uploads\/2022\/01\/REUNION-DIPUTACION-DE-CUENCA-01-10-2020-6-768x576.jpeg 768w, https:\/\/www.udpcuenca.com\/wp-content\/uploads\/2022\/01\/REUNION-DIPUTACION-DE-CUENCA-01-10-2020-6-1536x1152.jpeg 1536w, https:\/\/www.udpcuenca.com\/wp-content\/uploads\/2022\/01\/REUNION-DIPUTACION-DE-CUENCA-01-10-2020-6-1200x900.jpeg 1200w, https:\/\/www.udpcuenca.com\/wp-content\/uploads\/2022\/01\/REUNION-DIPUTACION-DE-CUENCA-01-10-2020-6-450x338.jpeg 450w, https:\/\/www.udpcuenca.com\/wp-content\/uploads\/2022\/01\/REUNION-DIPUTACION-DE-CUENCA-01-10-2020-6-600x450.jpeg 600w, https:\/\/www.udpcuenca.com\/wp-content\/uploads\/2022\/01\/REUNION-DIPUTACION-DE-CUENCA-01-10-2020-6.jpeg 1600w\" sizes=\"auto, (max-width: 1024px) 100vw, 1024px\" \/><figcaption>Representantes de Bienestar Social y Servicios Sociales<\/figcaption><\/figure>\n\n\n\n<figure class=\"wp-block-image alignwide size-large\"><img loading=\"lazy\" decoding=\"async\" width=\"1024\" height=\"683\" src=\"https:\/\/www.udpcuenca.com\/wp-content\/uploads\/2022\/01\/TARANCON-1-12-2021-7-1024x683.jpg\" alt=\"\" class=\"wp-image-1367\" srcset=\"https:\/\/www.udpcuenca.com\/wp-content\/uploads\/2022\/01\/TARANCON-1-12-2021-7-1024x683.jpg 1024w, https:\/\/www.udpcuenca.com\/wp-content\/uploads\/2022\/01\/TARANCON-1-12-2021-7-300x200.jpg 300w, https:\/\/www.udpcuenca.com\/wp-content\/uploads\/2022\/01\/TARANCON-1-12-2021-7-768x512.jpg 768w, https:\/\/www.udpcuenca.com\/wp-content\/uploads\/2022\/01\/TARANCON-1-12-2021-7-1536x1024.jpg 1536w, https:\/\/www.udpcuenca.com\/wp-content\/uploads\/2022\/01\/TARANCON-1-12-2021-7-2048x1365.jpg 2048w, https:\/\/www.udpcuenca.com\/wp-content\/uploads\/2022\/01\/TARANCON-1-12-2021-7-1200x800.jpg 1200w, https:\/\/www.udpcuenca.com\/wp-content\/uploads\/2022\/01\/TARANCON-1-12-2021-7-1980x1320.jpg 1980w, https:\/\/www.udpcuenca.com\/wp-content\/uploads\/2022\/01\/TARANCON-1-12-2021-7-450x300.jpg 450w, https:\/\/www.udpcuenca.com\/wp-content\/uploads\/2022\/01\/TARANCON-1-12-2021-7-600x400.jpg 600w\" sizes=\"auto, (max-width: 1024px) 100vw, 1024px\" \/><\/figure>\n\n\n\n<figure class=\"wp-block-image alignwide size-large\"><img loading=\"lazy\" decoding=\"async\" width=\"1024\" height=\"683\" src=\"https:\/\/www.udpcuenca.com\/wp-content\/uploads\/2022\/01\/TARANCON-1-12-2021-27-1024x683.jpg\" alt=\"\" class=\"wp-image-1313\" srcset=\"https:\/\/www.udpcuenca.com\/wp-content\/uploads\/2022\/01\/TARANCON-1-12-2021-27-1024x683.jpg 1024w, https:\/\/www.udpcuenca.com\/wp-content\/uploads\/2022\/01\/TARANCON-1-12-2021-27-300x200.jpg 300w, https:\/\/www.udpcuenca.com\/wp-content\/uploads\/2022\/01\/TARANCON-1-12-2021-27-768x512.jpg 768w, https:\/\/www.udpcuenca.com\/wp-content\/uploads\/2022\/01\/TARANCON-1-12-2021-27-1536x1024.jpg 1536w, https:\/\/www.udpcuenca.com\/wp-content\/uploads\/2022\/01\/TARANCON-1-12-2021-27-2048x1365.jpg 2048w, https:\/\/www.udpcuenca.com\/wp-content\/uploads\/2022\/01\/TARANCON-1-12-2021-27-1200x800.jpg 1200w, https:\/\/www.udpcuenca.com\/wp-content\/uploads\/2022\/01\/TARANCON-1-12-2021-27-1980x1320.jpg 1980w, https:\/\/www.udpcuenca.com\/wp-content\/uploads\/2022\/01\/TARANCON-1-12-2021-27-450x300.jpg 450w, https:\/\/www.udpcuenca.com\/wp-content\/uploads\/2022\/01\/TARANCON-1-12-2021-27-600x400.jpg 600w\" sizes=\"auto, (max-width: 1024px) 100vw, 1024px\" \/><\/figure>\n\n\n\n<figure class=\"wp-block-image alignwide size-large\"><img loading=\"lazy\" decoding=\"async\" width=\"1024\" height=\"683\" src=\"https:\/\/www.udpcuenca.com\/wp-content\/uploads\/2022\/01\/IMG_2530-1024x683.jpg\" alt=\"\" class=\"wp-image-1315\" srcset=\"https:\/\/www.udpcuenca.com\/wp-content\/uploads\/2022\/01\/IMG_2530-1024x683.jpg 1024w, https:\/\/www.udpcuenca.com\/wp-content\/uploads\/2022\/01\/IMG_2530-300x200.jpg 300w, https:\/\/www.udpcuenca.com\/wp-content\/uploads\/2022\/01\/IMG_2530-768x512.jpg 768w, https:\/\/www.udpcuenca.com\/wp-content\/uploads\/2022\/01\/IMG_2530-1536x1024.jpg 1536w, https:\/\/www.udpcuenca.com\/wp-content\/uploads\/2022\/01\/IMG_2530-2048x1365.jpg 2048w, https:\/\/www.udpcuenca.com\/wp-content\/uploads\/2022\/01\/IMG_2530-1200x800.jpg 1200w, https:\/\/www.udpcuenca.com\/wp-content\/uploads\/2022\/01\/IMG_2530-1980x1320.jpg 1980w, https:\/\/www.udpcuenca.com\/wp-content\/uploads\/2022\/01\/IMG_2530-450x300.jpg 450w, https:\/\/www.udpcuenca.com\/wp-content\/uploads\/2022\/01\/IMG_2530-600x400.jpg 600w\" sizes=\"auto, (max-width: 1024px) 100vw, 1024px\" \/><figcaption>D\u00eda del Voluntariado UDP Provincial de Cuenca<\/figcaption><\/figure>\n\n\n\n<figure class=\"wp-block-image alignwide size-large\"><img loading=\"lazy\" decoding=\"async\" width=\"1024\" height=\"683\" src=\"https:\/\/www.udpcuenca.com\/wp-content\/uploads\/2022\/01\/VICEPRESIDENTE-a-UDO-CUENCA-4-1024x683.jpg\" alt=\"\" class=\"wp-image-1318\" srcset=\"https:\/\/www.udpcuenca.com\/wp-content\/uploads\/2022\/01\/VICEPRESIDENTE-a-UDO-CUENCA-4-1024x683.jpg 1024w, https:\/\/www.udpcuenca.com\/wp-content\/uploads\/2022\/01\/VICEPRESIDENTE-a-UDO-CUENCA-4-300x200.jpg 300w, https:\/\/www.udpcuenca.com\/wp-content\/uploads\/2022\/01\/VICEPRESIDENTE-a-UDO-CUENCA-4-768x512.jpg 768w, https:\/\/www.udpcuenca.com\/wp-content\/uploads\/2022\/01\/VICEPRESIDENTE-a-UDO-CUENCA-4-1536x1024.jpg 1536w, https:\/\/www.udpcuenca.com\/wp-content\/uploads\/2022\/01\/VICEPRESIDENTE-a-UDO-CUENCA-4-2048x1365.jpg 2048w, https:\/\/www.udpcuenca.com\/wp-content\/uploads\/2022\/01\/VICEPRESIDENTE-a-UDO-CUENCA-4-1200x800.jpg 1200w, https:\/\/www.udpcuenca.com\/wp-content\/uploads\/2022\/01\/VICEPRESIDENTE-a-UDO-CUENCA-4-1980x1320.jpg 1980w, https:\/\/www.udpcuenca.com\/wp-content\/uploads\/2022\/01\/VICEPRESIDENTE-a-UDO-CUENCA-4-450x300.jpg 450w, https:\/\/www.udpcuenca.com\/wp-content\/uploads\/2022\/01\/VICEPRESIDENTE-a-UDO-CUENCA-4-600x400.jpg 600w\" sizes=\"auto, (max-width: 1024px) 100vw, 1024px\" \/><figcaption>Visita a UDP Provincial de Cuenca de Jos\u00e9 Luis Mart\u00ednez Guijarro Vicepresidente de la JCCM<\/figcaption><\/figure>\n\n\n\n<figure class=\"wp-block-image alignwide size-large\"><img loading=\"lazy\" decoding=\"async\" width=\"1024\" height=\"683\" src=\"https:\/\/www.udpcuenca.com\/wp-content\/uploads\/2022\/01\/VICEPRESIDENTE-a-UDO-CUENCA-10-1024x683.jpg\" alt=\"\" class=\"wp-image-1324\" srcset=\"https:\/\/www.udpcuenca.com\/wp-content\/uploads\/2022\/01\/VICEPRESIDENTE-a-UDO-CUENCA-10-1024x683.jpg 1024w, https:\/\/www.udpcuenca.com\/wp-content\/uploads\/2022\/01\/VICEPRESIDENTE-a-UDO-CUENCA-10-300x200.jpg 300w, https:\/\/www.udpcuenca.com\/wp-content\/uploads\/2022\/01\/VICEPRESIDENTE-a-UDO-CUENCA-10-768x512.jpg 768w, https:\/\/www.udpcuenca.com\/wp-content\/uploads\/2022\/01\/VICEPRESIDENTE-a-UDO-CUENCA-10-1536x1024.jpg 1536w, https:\/\/www.udpcuenca.com\/wp-content\/uploads\/2022\/01\/VICEPRESIDENTE-a-UDO-CUENCA-10-2048x1365.jpg 2048w, https:\/\/www.udpcuenca.com\/wp-content\/uploads\/2022\/01\/VICEPRESIDENTE-a-UDO-CUENCA-10-1200x800.jpg 1200w, https:\/\/www.udpcuenca.com\/wp-content\/uploads\/2022\/01\/VICEPRESIDENTE-a-UDO-CUENCA-10-1980x1320.jpg 1980w, https:\/\/www.udpcuenca.com\/wp-content\/uploads\/2022\/01\/VICEPRESIDENTE-a-UDO-CUENCA-10-450x300.jpg 450w, https:\/\/www.udpcuenca.com\/wp-content\/uploads\/2022\/01\/VICEPRESIDENTE-a-UDO-CUENCA-10-600x400.jpg 600w\" sizes=\"auto, (max-width: 1024px) 100vw, 1024px\" \/><figcaption> Visita a UDP Provincial de Cuenca de Jos\u00e9 Luis Mart\u00ednez Guijarro Vicepresidente de la JCCM <\/figcaption><\/figure>\n\n\n\n<figure class=\"wp-block-image alignwide size-large\"><img loading=\"lazy\" decoding=\"async\" width=\"1024\" height=\"683\" src=\"https:\/\/www.udpcuenca.com\/wp-content\/uploads\/2022\/01\/Visita_UDP_Provincial_Cuenca_Diputada_Lorena_Cnatarero_PSOE_3-1024x683.jpg\" alt=\"\" class=\"wp-image-1328\" srcset=\"https:\/\/www.udpcuenca.com\/wp-content\/uploads\/2022\/01\/Visita_UDP_Provincial_Cuenca_Diputada_Lorena_Cnatarero_PSOE_3-1024x683.jpg 1024w, https:\/\/www.udpcuenca.com\/wp-content\/uploads\/2022\/01\/Visita_UDP_Provincial_Cuenca_Diputada_Lorena_Cnatarero_PSOE_3-300x200.jpg 300w, https:\/\/www.udpcuenca.com\/wp-content\/uploads\/2022\/01\/Visita_UDP_Provincial_Cuenca_Diputada_Lorena_Cnatarero_PSOE_3-768x512.jpg 768w, https:\/\/www.udpcuenca.com\/wp-content\/uploads\/2022\/01\/Visita_UDP_Provincial_Cuenca_Diputada_Lorena_Cnatarero_PSOE_3-1536x1024.jpg 1536w, https:\/\/www.udpcuenca.com\/wp-content\/uploads\/2022\/01\/Visita_UDP_Provincial_Cuenca_Diputada_Lorena_Cnatarero_PSOE_3-2048x1365.jpg 2048w, https:\/\/www.udpcuenca.com\/wp-content\/uploads\/2022\/01\/Visita_UDP_Provincial_Cuenca_Diputada_Lorena_Cnatarero_PSOE_3-1200x800.jpg 1200w, https:\/\/www.udpcuenca.com\/wp-content\/uploads\/2022\/01\/Visita_UDP_Provincial_Cuenca_Diputada_Lorena_Cnatarero_PSOE_3-1980x1320.jpg 1980w, https:\/\/www.udpcuenca.com\/wp-content\/uploads\/2022\/01\/Visita_UDP_Provincial_Cuenca_Diputada_Lorena_Cnatarero_PSOE_3-450x300.jpg 450w, https:\/\/www.udpcuenca.com\/wp-content\/uploads\/2022\/01\/Visita_UDP_Provincial_Cuenca_Diputada_Lorena_Cnatarero_PSOE_3-600x400.jpg 600w\" sizes=\"auto, (max-width: 1024px) 100vw, 1024px\" \/><figcaption>Heliodoro P\u00e9rez Ferrer Presidente de UDP Provincial de Cuenca y Lorena Cantarero Diputada de Servicios Sociales<\/figcaption><\/figure>\n\n\n\n<figure class=\"wp-block-image alignwide size-large\"><img loading=\"lazy\" decoding=\"async\" width=\"1024\" height=\"683\" src=\"https:\/\/www.udpcuenca.com\/wp-content\/uploads\/2022\/01\/Visita_UDP_Provincial_Cuenca_Senadora_Mr_Gracia_Canales_Concejal-1024x683.jpg\" alt=\"\" class=\"wp-image-1330\" srcset=\"https:\/\/www.udpcuenca.com\/wp-content\/uploads\/2022\/01\/Visita_UDP_Provincial_Cuenca_Senadora_Mr_Gracia_Canales_Concejal-1024x683.jpg 1024w, https:\/\/www.udpcuenca.com\/wp-content\/uploads\/2022\/01\/Visita_UDP_Provincial_Cuenca_Senadora_Mr_Gracia_Canales_Concejal-300x200.jpg 300w, https:\/\/www.udpcuenca.com\/wp-content\/uploads\/2022\/01\/Visita_UDP_Provincial_Cuenca_Senadora_Mr_Gracia_Canales_Concejal-768x512.jpg 768w, https:\/\/www.udpcuenca.com\/wp-content\/uploads\/2022\/01\/Visita_UDP_Provincial_Cuenca_Senadora_Mr_Gracia_Canales_Concejal-1536x1024.jpg 1536w, https:\/\/www.udpcuenca.com\/wp-content\/uploads\/2022\/01\/Visita_UDP_Provincial_Cuenca_Senadora_Mr_Gracia_Canales_Concejal-2048x1365.jpg 2048w, https:\/\/www.udpcuenca.com\/wp-content\/uploads\/2022\/01\/Visita_UDP_Provincial_Cuenca_Senadora_Mr_Gracia_Canales_Concejal-1200x800.jpg 1200w, https:\/\/www.udpcuenca.com\/wp-content\/uploads\/2022\/01\/Visita_UDP_Provincial_Cuenca_Senadora_Mr_Gracia_Canales_Concejal-1980x1320.jpg 1980w, https:\/\/www.udpcuenca.com\/wp-content\/uploads\/2022\/01\/Visita_UDP_Provincial_Cuenca_Senadora_Mr_Gracia_Canales_Concejal-450x300.jpg 450w, https:\/\/www.udpcuenca.com\/wp-content\/uploads\/2022\/01\/Visita_UDP_Provincial_Cuenca_Senadora_Mr_Gracia_Canales_Concejal-600x400.jpg 600w\" sizes=\"auto, (max-width: 1024px) 100vw, 1024px\" \/><figcaption>Visita a UDP Provincial de Cuenca de Mar\u00eda Gracia Canales Senadora y Esther Barrios Concejal de Servicios Sociales del Ayuntamiento de Cuenca<\/figcaption><\/figure>\n\n\n\n<div class=\"wp-block-image\"><figure class=\"aligncenter size-large\"><img loading=\"lazy\" decoding=\"async\" width=\"461\" height=\"1024\" src=\"https:\/\/www.udpcuenca.com\/wp-content\/uploads\/2022\/01\/2a-Concejal-Ayunt.-Cuenca-Vicente-Martinez-461x1024.jpg\" alt=\"\" class=\"wp-image-1333\" srcset=\"https:\/\/www.udpcuenca.com\/wp-content\/uploads\/2022\/01\/2a-Concejal-Ayunt.-Cuenca-Vicente-Martinez-461x1024.jpg 461w, https:\/\/www.udpcuenca.com\/wp-content\/uploads\/2022\/01\/2a-Concejal-Ayunt.-Cuenca-Vicente-Martinez-135x300.jpg 135w, https:\/\/www.udpcuenca.com\/wp-content\/uploads\/2022\/01\/2a-Concejal-Ayunt.-Cuenca-Vicente-Martinez-450x1000.jpg 450w, https:\/\/www.udpcuenca.com\/wp-content\/uploads\/2022\/01\/2a-Concejal-Ayunt.-Cuenca-Vicente-Martinez.jpg 576w\" sizes=\"auto, (max-width: 461px) 100vw, 461px\" \/><figcaption>Concejal del Ayuntamiento Vicente Mart\u00ednez<\/figcaption><\/figure><\/div>\n\n\n\n<figure class=\"wp-block-image alignwide size-large\"><img loading=\"lazy\" decoding=\"async\" width=\"1024\" height=\"461\" src=\"https:\/\/www.udpcuenca.com\/wp-content\/uploads\/2022\/01\/VOLUNTARIADO-UDP-CUENCA-2020-2-1024x461.jpg\" alt=\"\" class=\"wp-image-1336\" srcset=\"https:\/\/www.udpcuenca.com\/wp-content\/uploads\/2022\/01\/VOLUNTARIADO-UDP-CUENCA-2020-2-1024x461.jpg 1024w, https:\/\/www.udpcuenca.com\/wp-content\/uploads\/2022\/01\/VOLUNTARIADO-UDP-CUENCA-2020-2-300x135.jpg 300w, https:\/\/www.udpcuenca.com\/wp-content\/uploads\/2022\/01\/VOLUNTARIADO-UDP-CUENCA-2020-2-768x346.jpg 768w, https:\/\/www.udpcuenca.com\/wp-content\/uploads\/2022\/01\/VOLUNTARIADO-UDP-CUENCA-2020-2-1536x691.jpg 1536w, https:\/\/www.udpcuenca.com\/wp-content\/uploads\/2022\/01\/VOLUNTARIADO-UDP-CUENCA-2020-2-2048x922.jpg 2048w, https:\/\/www.udpcuenca.com\/wp-content\/uploads\/2022\/01\/VOLUNTARIADO-UDP-CUENCA-2020-2-1200x540.jpg 1200w, https:\/\/www.udpcuenca.com\/wp-content\/uploads\/2022\/01\/VOLUNTARIADO-UDP-CUENCA-2020-2-1980x891.jpg 1980w, https:\/\/www.udpcuenca.com\/wp-content\/uploads\/2022\/01\/VOLUNTARIADO-UDP-CUENCA-2020-2-450x203.jpg 450w, https:\/\/www.udpcuenca.com\/wp-content\/uploads\/2022\/01\/VOLUNTARIADO-UDP-CUENCA-2020-2-600x270.jpg 600w\" sizes=\"auto, (max-width: 1024px) 100vw, 1024px\" \/><figcaption>Visita a UDP Cuenca D. Dar\u00edo Dolz Alcalde del Ayuntamiento de Cuenca y Representantes<\/figcaption><\/figure>\n\n\n\n<figure class=\"wp-block-image alignwide size-large\"><img loading=\"lazy\" decoding=\"async\" width=\"1024\" height=\"768\" src=\"https:\/\/www.udpcuenca.com\/wp-content\/uploads\/2022\/01\/VOLUNTARIADO-UDP-CUENCA-2020-36-1024x768.jpg\" alt=\"\" class=\"wp-image-1340\" srcset=\"https:\/\/www.udpcuenca.com\/wp-content\/uploads\/2022\/01\/VOLUNTARIADO-UDP-CUENCA-2020-36-1024x768.jpg 1024w, https:\/\/www.udpcuenca.com\/wp-content\/uploads\/2022\/01\/VOLUNTARIADO-UDP-CUENCA-2020-36-300x225.jpg 300w, https:\/\/www.udpcuenca.com\/wp-content\/uploads\/2022\/01\/VOLUNTARIADO-UDP-CUENCA-2020-36-768x576.jpg 768w, https:\/\/www.udpcuenca.com\/wp-content\/uploads\/2022\/01\/VOLUNTARIADO-UDP-CUENCA-2020-36-1536x1152.jpg 1536w, https:\/\/www.udpcuenca.com\/wp-content\/uploads\/2022\/01\/VOLUNTARIADO-UDP-CUENCA-2020-36-2048x1536.jpg 2048w, https:\/\/www.udpcuenca.com\/wp-content\/uploads\/2022\/01\/VOLUNTARIADO-UDP-CUENCA-2020-36-1200x900.jpg 1200w, https:\/\/www.udpcuenca.com\/wp-content\/uploads\/2022\/01\/VOLUNTARIADO-UDP-CUENCA-2020-36-1980x1485.jpg 1980w, https:\/\/www.udpcuenca.com\/wp-content\/uploads\/2022\/01\/VOLUNTARIADO-UDP-CUENCA-2020-36-450x338.jpg 450w, https:\/\/www.udpcuenca.com\/wp-content\/uploads\/2022\/01\/VOLUNTARIADO-UDP-CUENCA-2020-36-600x450.jpg 600w\" sizes=\"auto, (max-width: 1024px) 100vw, 1024px\" \/><figcaption>Visita a UDP provincial de Cuenca Representantes de las instituciones y Ayuntamiento de Cuenca <\/figcaption><\/figure>\n\n\n\n<figure class=\"wp-block-image alignwide size-large\"><img loading=\"lazy\" decoding=\"async\" width=\"1024\" height=\"461\" src=\"https:\/\/www.udpcuenca.com\/wp-content\/uploads\/2022\/01\/VOLUNTARIADO-UDP-CUENCA-2020-16-1024x461.jpg\" alt=\"\" class=\"wp-image-1342\" srcset=\"https:\/\/www.udpcuenca.com\/wp-content\/uploads\/2022\/01\/VOLUNTARIADO-UDP-CUENCA-2020-16-1024x461.jpg 1024w, https:\/\/www.udpcuenca.com\/wp-content\/uploads\/2022\/01\/VOLUNTARIADO-UDP-CUENCA-2020-16-300x135.jpg 300w, https:\/\/www.udpcuenca.com\/wp-content\/uploads\/2022\/01\/VOLUNTARIADO-UDP-CUENCA-2020-16-768x346.jpg 768w, https:\/\/www.udpcuenca.com\/wp-content\/uploads\/2022\/01\/VOLUNTARIADO-UDP-CUENCA-2020-16-1536x691.jpg 1536w, https:\/\/www.udpcuenca.com\/wp-content\/uploads\/2022\/01\/VOLUNTARIADO-UDP-CUENCA-2020-16-2048x922.jpg 2048w, https:\/\/www.udpcuenca.com\/wp-content\/uploads\/2022\/01\/VOLUNTARIADO-UDP-CUENCA-2020-16-1200x540.jpg 1200w, https:\/\/www.udpcuenca.com\/wp-content\/uploads\/2022\/01\/VOLUNTARIADO-UDP-CUENCA-2020-16-1980x891.jpg 1980w, https:\/\/www.udpcuenca.com\/wp-content\/uploads\/2022\/01\/VOLUNTARIADO-UDP-CUENCA-2020-16-450x203.jpg 450w, https:\/\/www.udpcuenca.com\/wp-content\/uploads\/2022\/01\/VOLUNTARIADO-UDP-CUENCA-2020-16-600x270.jpg 600w\" sizes=\"auto, (max-width: 1024px) 100vw, 1024px\" \/><figcaption>Visita UDP Cuenca Representantes de Diputaci\u00f3n, Ayuntamiento de Cuenca y Bienestar Social <\/figcaption><\/figure>\n\n\n\n<figure class=\"wp-block-image alignwide size-large\"><img loading=\"lazy\" decoding=\"async\" width=\"1024\" height=\"683\" src=\"https:\/\/www.udpcuenca.com\/wp-content\/uploads\/2022\/01\/Visita_UDP_Provincian_Cuenca_Angel_Tomas_Godoi_y_Amelia_Lopez_21-1024x683.jpg\" alt=\"\" class=\"wp-image-1345\" srcset=\"https:\/\/www.udpcuenca.com\/wp-content\/uploads\/2022\/01\/Visita_UDP_Provincian_Cuenca_Angel_Tomas_Godoi_y_Amelia_Lopez_21-1024x683.jpg 1024w, https:\/\/www.udpcuenca.com\/wp-content\/uploads\/2022\/01\/Visita_UDP_Provincian_Cuenca_Angel_Tomas_Godoi_y_Amelia_Lopez_21-300x200.jpg 300w, https:\/\/www.udpcuenca.com\/wp-content\/uploads\/2022\/01\/Visita_UDP_Provincian_Cuenca_Angel_Tomas_Godoi_y_Amelia_Lopez_21-768x512.jpg 768w, https:\/\/www.udpcuenca.com\/wp-content\/uploads\/2022\/01\/Visita_UDP_Provincian_Cuenca_Angel_Tomas_Godoi_y_Amelia_Lopez_21-1536x1024.jpg 1536w, https:\/\/www.udpcuenca.com\/wp-content\/uploads\/2022\/01\/Visita_UDP_Provincian_Cuenca_Angel_Tomas_Godoi_y_Amelia_Lopez_21-2048x1365.jpg 2048w, https:\/\/www.udpcuenca.com\/wp-content\/uploads\/2022\/01\/Visita_UDP_Provincian_Cuenca_Angel_Tomas_Godoi_y_Amelia_Lopez_21-1200x800.jpg 1200w, https:\/\/www.udpcuenca.com\/wp-content\/uploads\/2022\/01\/Visita_UDP_Provincian_Cuenca_Angel_Tomas_Godoi_y_Amelia_Lopez_21-1980x1320.jpg 1980w, https:\/\/www.udpcuenca.com\/wp-content\/uploads\/2022\/01\/Visita_UDP_Provincian_Cuenca_Angel_Tomas_Godoi_y_Amelia_Lopez_21-450x300.jpg 450w, https:\/\/www.udpcuenca.com\/wp-content\/uploads\/2022\/01\/Visita_UDP_Provincian_Cuenca_Angel_Tomas_Godoi_y_Amelia_Lopez_21-600x400.jpg 600w\" sizes=\"auto, (max-width: 1024px) 100vw, 1024px\" \/><figcaption>Visita UDP Provincial de Cuenca \u00c1ngel Tom\u00e1s Godoy y Amelia L\u00f3pez con el Presidente de UDP Cuenca<\/figcaption><\/figure>\n\n\n\n<figure class=\"wp-block-image alignwide size-large\"><img loading=\"lazy\" decoding=\"async\" width=\"1024\" height=\"683\" src=\"https:\/\/www.udpcuenca.com\/wp-content\/uploads\/2022\/01\/PRESENTACION-CAMPANA-CUIDAME-DIPUTACION-34-1024x683.jpg\" alt=\"\" class=\"wp-image-1349\" srcset=\"https:\/\/www.udpcuenca.com\/wp-content\/uploads\/2022\/01\/PRESENTACION-CAMPANA-CUIDAME-DIPUTACION-34-1024x683.jpg 1024w, https:\/\/www.udpcuenca.com\/wp-content\/uploads\/2022\/01\/PRESENTACION-CAMPANA-CUIDAME-DIPUTACION-34-300x200.jpg 300w, https:\/\/www.udpcuenca.com\/wp-content\/uploads\/2022\/01\/PRESENTACION-CAMPANA-CUIDAME-DIPUTACION-34-768x512.jpg 768w, https:\/\/www.udpcuenca.com\/wp-content\/uploads\/2022\/01\/PRESENTACION-CAMPANA-CUIDAME-DIPUTACION-34-1536x1024.jpg 1536w, https:\/\/www.udpcuenca.com\/wp-content\/uploads\/2022\/01\/PRESENTACION-CAMPANA-CUIDAME-DIPUTACION-34-2048x1365.jpg 2048w, https:\/\/www.udpcuenca.com\/wp-content\/uploads\/2022\/01\/PRESENTACION-CAMPANA-CUIDAME-DIPUTACION-34-1200x800.jpg 1200w, https:\/\/www.udpcuenca.com\/wp-content\/uploads\/2022\/01\/PRESENTACION-CAMPANA-CUIDAME-DIPUTACION-34-1980x1320.jpg 1980w, https:\/\/www.udpcuenca.com\/wp-content\/uploads\/2022\/01\/PRESENTACION-CAMPANA-CUIDAME-DIPUTACION-34-450x300.jpg 450w, https:\/\/www.udpcuenca.com\/wp-content\/uploads\/2022\/01\/PRESENTACION-CAMPANA-CUIDAME-DIPUTACION-34-600x400.jpg 600w\" sizes=\"auto, (max-width: 1024px) 100vw, 1024px\" \/><figcaption>Presentaci\u00f3n Campa\u00f1a Cu\u00eddame<\/figcaption><\/figure>\n\n\n\n<figure class=\"wp-block-image alignwide size-large\"><img loading=\"lazy\" decoding=\"async\" width=\"1024\" height=\"768\" src=\"https:\/\/www.udpcuenca.com\/wp-content\/uploads\/2022\/01\/IMG_20210517_095204-1024x768.jpg\" alt=\"\" class=\"wp-image-1351\" srcset=\"https:\/\/www.udpcuenca.com\/wp-content\/uploads\/2022\/01\/IMG_20210517_095204-1024x768.jpg 1024w, https:\/\/www.udpcuenca.com\/wp-content\/uploads\/2022\/01\/IMG_20210517_095204-300x225.jpg 300w, https:\/\/www.udpcuenca.com\/wp-content\/uploads\/2022\/01\/IMG_20210517_095204-768x576.jpg 768w, https:\/\/www.udpcuenca.com\/wp-content\/uploads\/2022\/01\/IMG_20210517_095204-1536x1152.jpg 1536w, https:\/\/www.udpcuenca.com\/wp-content\/uploads\/2022\/01\/IMG_20210517_095204-2048x1536.jpg 2048w, https:\/\/www.udpcuenca.com\/wp-content\/uploads\/2022\/01\/IMG_20210517_095204-1200x900.jpg 1200w, https:\/\/www.udpcuenca.com\/wp-content\/uploads\/2022\/01\/IMG_20210517_095204-1980x1485.jpg 1980w, https:\/\/www.udpcuenca.com\/wp-content\/uploads\/2022\/01\/IMG_20210517_095204-450x338.jpg 450w, https:\/\/www.udpcuenca.com\/wp-content\/uploads\/2022\/01\/IMG_20210517_095204-600x450.jpg 600w\" sizes=\"auto, (max-width: 1024px) 100vw, 1024px\" \/><figcaption>Presentaci\u00f3n P\u00e1gina Web UDPCUENCA.com en la Diputaci\u00f3n Provincial de Cuenca<\/figcaption><\/figure>\n\n\n\n<figure class=\"wp-block-image alignwide size-large\"><img loading=\"lazy\" decoding=\"async\" width=\"1024\" height=\"768\" src=\"https:\/\/www.udpcuenca.com\/wp-content\/uploads\/2022\/01\/IMG_20210517_105048-1024x768.jpg\" alt=\"\" class=\"wp-image-1354\" srcset=\"https:\/\/www.udpcuenca.com\/wp-content\/uploads\/2022\/01\/IMG_20210517_105048-1024x768.jpg 1024w, https:\/\/www.udpcuenca.com\/wp-content\/uploads\/2022\/01\/IMG_20210517_105048-300x225.jpg 300w, https:\/\/www.udpcuenca.com\/wp-content\/uploads\/2022\/01\/IMG_20210517_105048-768x576.jpg 768w, https:\/\/www.udpcuenca.com\/wp-content\/uploads\/2022\/01\/IMG_20210517_105048-1536x1152.jpg 1536w, https:\/\/www.udpcuenca.com\/wp-content\/uploads\/2022\/01\/IMG_20210517_105048-2048x1536.jpg 2048w, https:\/\/www.udpcuenca.com\/wp-content\/uploads\/2022\/01\/IMG_20210517_105048-1200x900.jpg 1200w, https:\/\/www.udpcuenca.com\/wp-content\/uploads\/2022\/01\/IMG_20210517_105048-1980x1485.jpg 1980w, https:\/\/www.udpcuenca.com\/wp-content\/uploads\/2022\/01\/IMG_20210517_105048-450x338.jpg 450w, https:\/\/www.udpcuenca.com\/wp-content\/uploads\/2022\/01\/IMG_20210517_105048-600x450.jpg 600w\" sizes=\"auto, (max-width: 1024px) 100vw, 1024px\" \/><figcaption> Presentaci\u00f3n P\u00e1gina Web UDPCUENCA.com  en la Diputaci\u00f3n Provincial de Cuenca <\/figcaption><\/figure>\n\n\n\n<figure class=\"wp-block-image alignwide size-large\"><img loading=\"lazy\" decoding=\"async\" width=\"1024\" height=\"768\" src=\"https:\/\/www.udpcuenca.com\/wp-content\/uploads\/2022\/01\/IMG_20210517_105003-1024x768.jpg\" alt=\"\" class=\"wp-image-1358\" srcset=\"https:\/\/www.udpcuenca.com\/wp-content\/uploads\/2022\/01\/IMG_20210517_105003-1024x768.jpg 1024w, https:\/\/www.udpcuenca.com\/wp-content\/uploads\/2022\/01\/IMG_20210517_105003-300x225.jpg 300w, https:\/\/www.udpcuenca.com\/wp-content\/uploads\/2022\/01\/IMG_20210517_105003-768x576.jpg 768w, https:\/\/www.udpcuenca.com\/wp-content\/uploads\/2022\/01\/IMG_20210517_105003-1536x1152.jpg 1536w, https:\/\/www.udpcuenca.com\/wp-content\/uploads\/2022\/01\/IMG_20210517_105003-2048x1536.jpg 2048w, https:\/\/www.udpcuenca.com\/wp-content\/uploads\/2022\/01\/IMG_20210517_105003-1200x900.jpg 1200w, https:\/\/www.udpcuenca.com\/wp-content\/uploads\/2022\/01\/IMG_20210517_105003-1980x1485.jpg 1980w, https:\/\/www.udpcuenca.com\/wp-content\/uploads\/2022\/01\/IMG_20210517_105003-450x338.jpg 450w, https:\/\/www.udpcuenca.com\/wp-content\/uploads\/2022\/01\/IMG_20210517_105003-600x450.jpg 600w\" sizes=\"auto, (max-width: 1024px) 100vw, 1024px\" \/><figcaption> Presentaci\u00f3n P\u00e1gina Web UDPCUENCA.com  en la Diputaci\u00f3n Provincial de Cuenca <\/figcaption><\/figure>\n\n\n\n<figure class=\"wp-block-image alignwide size-large\"><img loading=\"lazy\" decoding=\"async\" width=\"1024\" height=\"683\" src=\"https:\/\/www.udpcuenca.com\/wp-content\/uploads\/2022\/01\/PRESENTACION-CAMPANA-CUIDAME-DIPUTACION-44-1024x683.jpg\" alt=\"\" class=\"wp-image-1362\" srcset=\"https:\/\/www.udpcuenca.com\/wp-content\/uploads\/2022\/01\/PRESENTACION-CAMPANA-CUIDAME-DIPUTACION-44-1024x683.jpg 1024w, https:\/\/www.udpcuenca.com\/wp-content\/uploads\/2022\/01\/PRESENTACION-CAMPANA-CUIDAME-DIPUTACION-44-300x200.jpg 300w, https:\/\/www.udpcuenca.com\/wp-content\/uploads\/2022\/01\/PRESENTACION-CAMPANA-CUIDAME-DIPUTACION-44-768x512.jpg 768w, https:\/\/www.udpcuenca.com\/wp-content\/uploads\/2022\/01\/PRESENTACION-CAMPANA-CUIDAME-DIPUTACION-44-1536x1024.jpg 1536w, https:\/\/www.udpcuenca.com\/wp-content\/uploads\/2022\/01\/PRESENTACION-CAMPANA-CUIDAME-DIPUTACION-44-2048x1365.jpg 2048w, https:\/\/www.udpcuenca.com\/wp-content\/uploads\/2022\/01\/PRESENTACION-CAMPANA-CUIDAME-DIPUTACION-44-1200x800.jpg 1200w, https:\/\/www.udpcuenca.com\/wp-content\/uploads\/2022\/01\/PRESENTACION-CAMPANA-CUIDAME-DIPUTACION-44-1980x1320.jpg 1980w, https:\/\/www.udpcuenca.com\/wp-content\/uploads\/2022\/01\/PRESENTACION-CAMPANA-CUIDAME-DIPUTACION-44-450x300.jpg 450w, https:\/\/www.udpcuenca.com\/wp-content\/uploads\/2022\/01\/PRESENTACION-CAMPANA-CUIDAME-DIPUTACION-44-600x400.jpg 600w\" sizes=\"auto, (max-width: 1024px) 100vw, 1024px\" \/><figcaption> Presentaci\u00f3n Yo me Cuido por ti<\/figcaption><\/figure>\n\n\n\n<figure class=\"wp-block-image alignwide size-large\"><img loading=\"lazy\" decoding=\"async\" width=\"1024\" height=\"461\" src=\"https:\/\/www.udpcuenca.com\/wp-content\/uploads\/2022\/01\/IMG_20210517_105739-1024x461.jpg\" alt=\"\" class=\"wp-image-1364\" srcset=\"https:\/\/www.udpcuenca.com\/wp-content\/uploads\/2022\/01\/IMG_20210517_105739-1024x461.jpg 1024w, https:\/\/www.udpcuenca.com\/wp-content\/uploads\/2022\/01\/IMG_20210517_105739-300x135.jpg 300w, https:\/\/www.udpcuenca.com\/wp-content\/uploads\/2022\/01\/IMG_20210517_105739-768x346.jpg 768w, https:\/\/www.udpcuenca.com\/wp-content\/uploads\/2022\/01\/IMG_20210517_105739-1536x691.jpg 1536w, https:\/\/www.udpcuenca.com\/wp-content\/uploads\/2022\/01\/IMG_20210517_105739-2048x922.jpg 2048w, https:\/\/www.udpcuenca.com\/wp-content\/uploads\/2022\/01\/IMG_20210517_105739-1200x540.jpg 1200w, https:\/\/www.udpcuenca.com\/wp-content\/uploads\/2022\/01\/IMG_20210517_105739-1980x891.jpg 1980w, https:\/\/www.udpcuenca.com\/wp-content\/uploads\/2022\/01\/IMG_20210517_105739-450x203.jpg 450w, https:\/\/www.udpcuenca.com\/wp-content\/uploads\/2022\/01\/IMG_20210517_105739-600x270.jpg 600w\" sizes=\"auto, (max-width: 1024px) 100vw, 1024px\" \/><figcaption> Presentaci\u00f3n P\u00e1gina Web UDPCUENCA.com y Nuevas tecnolog\u00edas para Mayores<\/figcaption><\/figure>\n\n\n\n<figure class=\"wp-block-image alignwide size-large\"><img loading=\"lazy\" decoding=\"async\" width=\"1024\" height=\"461\" src=\"https:\/\/www.udpcuenca.com\/wp-content\/uploads\/2022\/01\/IMG_20211203_125442-1024x461.jpg\" alt=\"\" class=\"wp-image-1392\" srcset=\"https:\/\/www.udpcuenca.com\/wp-content\/uploads\/2022\/01\/IMG_20211203_125442-1024x461.jpg 1024w, https:\/\/www.udpcuenca.com\/wp-content\/uploads\/2022\/01\/IMG_20211203_125442-300x135.jpg 300w, https:\/\/www.udpcuenca.com\/wp-content\/uploads\/2022\/01\/IMG_20211203_125442-768x346.jpg 768w, https:\/\/www.udpcuenca.com\/wp-content\/uploads\/2022\/01\/IMG_20211203_125442-1536x691.jpg 1536w, https:\/\/www.udpcuenca.com\/wp-content\/uploads\/2022\/01\/IMG_20211203_125442-2048x922.jpg 2048w, https:\/\/www.udpcuenca.com\/wp-content\/uploads\/2022\/01\/IMG_20211203_125442-1200x540.jpg 1200w, https:\/\/www.udpcuenca.com\/wp-content\/uploads\/2022\/01\/IMG_20211203_125442-1980x891.jpg 1980w, https:\/\/www.udpcuenca.com\/wp-content\/uploads\/2022\/01\/IMG_20211203_125442-450x203.jpg 450w, https:\/\/www.udpcuenca.com\/wp-content\/uploads\/2022\/01\/IMG_20211203_125442-600x270.jpg 600w\" sizes=\"auto, (max-width: 1024px) 100vw, 1024px\" \/><figcaption>D\u00eda del Voluntariado, Representaci\u00f3n de las instituciones y UDP Provincial de Cuenca<\/figcaption><\/figure>\n\n\n\n<figure class=\"wp-block-image alignwide size-large\"><img loading=\"lazy\" decoding=\"async\" width=\"1024\" height=\"461\" src=\"https:\/\/www.udpcuenca.com\/wp-content\/uploads\/2022\/01\/IMG_20211203_130223-1024x461.jpg\" alt=\"\" class=\"wp-image-1395\" srcset=\"https:\/\/www.udpcuenca.com\/wp-content\/uploads\/2022\/01\/IMG_20211203_130223-1024x461.jpg 1024w, https:\/\/www.udpcuenca.com\/wp-content\/uploads\/2022\/01\/IMG_20211203_130223-300x135.jpg 300w, https:\/\/www.udpcuenca.com\/wp-content\/uploads\/2022\/01\/IMG_20211203_130223-768x346.jpg 768w, https:\/\/www.udpcuenca.com\/wp-content\/uploads\/2022\/01\/IMG_20211203_130223-1536x691.jpg 1536w, https:\/\/www.udpcuenca.com\/wp-content\/uploads\/2022\/01\/IMG_20211203_130223-2048x922.jpg 2048w, https:\/\/www.udpcuenca.com\/wp-content\/uploads\/2022\/01\/IMG_20211203_130223-1200x540.jpg 1200w, https:\/\/www.udpcuenca.com\/wp-content\/uploads\/2022\/01\/IMG_20211203_130223-1980x891.jpg 1980w, https:\/\/www.udpcuenca.com\/wp-content\/uploads\/2022\/01\/IMG_20211203_130223-450x203.jpg 450w, https:\/\/www.udpcuenca.com\/wp-content\/uploads\/2022\/01\/IMG_20211203_130223-600x270.jpg 600w\" sizes=\"auto, (max-width: 1024px) 100vw, 1024px\" \/><figcaption> D\u00eda del Voluntariado, Representaci\u00f3n de las instituciones y UDP Provincial de Cuenca <\/figcaption><\/figure>\n\n\n\n<figure class=\"wp-block-image alignwide size-large\"><img loading=\"lazy\" decoding=\"async\" width=\"1024\" height=\"503\" src=\"https:\/\/www.udpcuenca.com\/wp-content\/uploads\/2022\/01\/photo_2022-01-26_13-32-24-1-1024x503.jpg\" alt=\"\" class=\"wp-image-1403\" srcset=\"https:\/\/www.udpcuenca.com\/wp-content\/uploads\/2022\/01\/photo_2022-01-26_13-32-24-1-1024x503.jpg 1024w, https:\/\/www.udpcuenca.com\/wp-content\/uploads\/2022\/01\/photo_2022-01-26_13-32-24-1-300x147.jpg 300w, https:\/\/www.udpcuenca.com\/wp-content\/uploads\/2022\/01\/photo_2022-01-26_13-32-24-1-768x377.jpg 768w, https:\/\/www.udpcuenca.com\/wp-content\/uploads\/2022\/01\/photo_2022-01-26_13-32-24-1-1200x590.jpg 1200w, https:\/\/www.udpcuenca.com\/wp-content\/uploads\/2022\/01\/photo_2022-01-26_13-32-24-1-450x221.jpg 450w, https:\/\/www.udpcuenca.com\/wp-content\/uploads\/2022\/01\/photo_2022-01-26_13-32-24-1-600x295.jpg 600w, https:\/\/www.udpcuenca.com\/wp-content\/uploads\/2022\/01\/photo_2022-01-26_13-32-24-1-rotated.jpg 1280w\" sizes=\"auto, (max-width: 1024px) 100vw, 1024px\" \/><figcaption>Envejecimiento Activo en Almonacid del Marquesado<\/figcaption><\/figure>\n\n\n\n<figure class=\"wp-block-image alignwide size-large\"><img loading=\"lazy\" decoding=\"async\" width=\"1024\" height=\"461\" src=\"https:\/\/www.udpcuenca.com\/wp-content\/uploads\/2022\/01\/IMG_20211203_123600-1024x461.jpg\" alt=\"\" class=\"wp-image-1407\" srcset=\"https:\/\/www.udpcuenca.com\/wp-content\/uploads\/2022\/01\/IMG_20211203_123600-1024x461.jpg 1024w, https:\/\/www.udpcuenca.com\/wp-content\/uploads\/2022\/01\/IMG_20211203_123600-300x135.jpg 300w, https:\/\/www.udpcuenca.com\/wp-content\/uploads\/2022\/01\/IMG_20211203_123600-768x346.jpg 768w, https:\/\/www.udpcuenca.com\/wp-content\/uploads\/2022\/01\/IMG_20211203_123600-1536x691.jpg 1536w, https:\/\/www.udpcuenca.com\/wp-content\/uploads\/2022\/01\/IMG_20211203_123600-2048x922.jpg 2048w, https:\/\/www.udpcuenca.com\/wp-content\/uploads\/2022\/01\/IMG_20211203_123600-1200x540.jpg 1200w, https:\/\/www.udpcuenca.com\/wp-content\/uploads\/2022\/01\/IMG_20211203_123600-1980x891.jpg 1980w, https:\/\/www.udpcuenca.com\/wp-content\/uploads\/2022\/01\/IMG_20211203_123600-450x203.jpg 450w, https:\/\/www.udpcuenca.com\/wp-content\/uploads\/2022\/01\/IMG_20211203_123600-600x270.jpg 600w\" sizes=\"auto, (max-width: 1024px) 100vw, 1024px\" \/><figcaption>D\u00eda del Voluntariado Monte dirigi\u00e9ndose a los voluntarios<\/figcaption><\/figure>\n","protected":false},"excerpt":{"rendered":"","protected":false},"author":1,"featured_media":0,"parent":0,"menu_order":0,"comment_status":"closed","ping_status":"closed","template":"","meta":{"_monsterinsights_skip_tracking":false,"footnotes":""},"class_list":["post-1304","page","type-page","status-publish","hentry"],"yoast_head":"<!-- This site is optimized with the Yoast SEO plugin v28.4 - https:\/\/yoast.com\/product\/yoast-seo-wordpress\/ -->\n<title>Relaci\u00f3n con las Instituciones - UDP Cuenca<\/title>\n<meta name=\"description\" content=\"Visitas, Actos y Reuniones de las Instituciones vinculadas con UDP Provincial de Cuenca\" \/>\n<meta name=\"robots\" content=\"index, follow, max-snippet:-1, max-image-preview:large, max-video-preview:-1\" \/>\n<link rel=\"canonical\" href=\"https:\/\/www.udpcuenca.com\/index.php\/relacion-con-las-instituciones\/\" \/>\n<meta property=\"og:locale\" content=\"es_ES\" \/>\n<meta property=\"og:type\" content=\"article\" \/>\n<meta property=\"og:title\" content=\"Relaci\u00f3n con las Instituciones - UDP Cuenca\" \/>\n<meta property=\"og:description\" content=\"Visitas, Actos y Reuniones de las Instituciones vinculadas con UDP Provincial de Cuenca\" \/>\n<meta property=\"og:url\" content=\"https:\/\/www.udpcuenca.com\/index.php\/relacion-con-las-instituciones\/\" \/>\n<meta property=\"og:site_name\" content=\"UDP Cuenca\" \/>\n<meta property=\"article:modified_time\" content=\"2022-01-26T12:40:26+00:00\" \/>\n<meta property=\"og:image\" content=\"https:\/\/www.udpcuenca.com\/wp-content\/uploads\/2022\/01\/IMG_20210824_130303-1024x461.jpg\" \/>\n<meta name=\"twitter:card\" content=\"summary_large_image\" \/>\n<meta name=\"twitter:label1\" content=\"Tiempo de lectura\" \/>\n\t<meta name=\"twitter:data1\" content=\"7 minutos\" \/>\n<script type=\"application\/ld+json\" class=\"yoast-schema-graph\">{\"@context\":\"https:\\\/\\\/schema.org\",\"@graph\":[{\"@type\":\"WebPage\",\"@id\":\"https:\\\/\\\/www.udpcuenca.com\\\/index.php\\\/relacion-con-las-instituciones\\\/\",\"url\":\"https:\\\/\\\/www.udpcuenca.com\\\/index.php\\\/relacion-con-las-instituciones\\\/\",\"name\":\"Relaci\u00f3n con las Instituciones - UDP Cuenca\",\"isPartOf\":{\"@id\":\"https:\\\/\\\/www.udpcuenca.com\\\/#website\"},\"primaryImageOfPage\":{\"@id\":\"https:\\\/\\\/www.udpcuenca.com\\\/index.php\\\/relacion-con-las-instituciones\\\/#primaryimage\"},\"image\":{\"@id\":\"https:\\\/\\\/www.udpcuenca.com\\\/index.php\\\/relacion-con-las-instituciones\\\/#primaryimage\"},\"thumbnailUrl\":\"https:\\\/\\\/www.udpcuenca.com\\\/wp-content\\\/uploads\\\/2022\\\/01\\\/IMG_20210824_130303-1024x461.jpg\",\"datePublished\":\"2022-01-25T19:33:36+00:00\",\"dateModified\":\"2022-01-26T12:40:26+00:00\",\"description\":\"Visitas, Actos y Reuniones de las Instituciones vinculadas con UDP Provincial de Cuenca\",\"breadcrumb\":{\"@id\":\"https:\\\/\\\/www.udpcuenca.com\\\/index.php\\\/relacion-con-las-instituciones\\\/#breadcrumb\"},\"inLanguage\":\"es\",\"potentialAction\":[{\"@type\":\"ReadAction\",\"target\":[\"https:\\\/\\\/www.udpcuenca.com\\\/index.php\\\/relacion-con-las-instituciones\\\/\"]}]},{\"@type\":\"ImageObject\",\"inLanguage\":\"es\",\"@id\":\"https:\\\/\\\/www.udpcuenca.com\\\/index.php\\\/relacion-con-las-instituciones\\\/#primaryimage\",\"url\":\"https:\\\/\\\/www.udpcuenca.com\\\/wp-content\\\/uploads\\\/2022\\\/01\\\/IMG_20210824_130303-1024x461.jpg\",\"contentUrl\":\"https:\\\/\\\/www.udpcuenca.com\\\/wp-content\\\/uploads\\\/2022\\\/01\\\/IMG_20210824_130303-1024x461.jpg\"},{\"@type\":\"BreadcrumbList\",\"@id\":\"https:\\\/\\\/www.udpcuenca.com\\\/index.php\\\/relacion-con-las-instituciones\\\/#breadcrumb\",\"itemListElement\":[{\"@type\":\"ListItem\",\"position\":1,\"name\":\"Portada\",\"item\":\"https:\\\/\\\/www.udpcuenca.com\\\/\"},{\"@type\":\"ListItem\",\"position\":2,\"name\":\"Relaci\u00f3n con las Instituciones\"}]},{\"@type\":\"WebSite\",\"@id\":\"https:\\\/\\\/www.udpcuenca.com\\\/#website\",\"url\":\"https:\\\/\\\/www.udpcuenca.com\\\/\",\"name\":\"UDP Cuenca\",\"description\":\"Asociaci\u00f3n Democr\u00e1tica de Jubilados y Pensionistas &quot;San Julian&quot; UDP Cuenca\",\"publisher\":{\"@id\":\"https:\\\/\\\/www.udpcuenca.com\\\/#organization\"},\"potentialAction\":[{\"@type\":\"SearchAction\",\"target\":{\"@type\":\"EntryPoint\",\"urlTemplate\":\"https:\\\/\\\/www.udpcuenca.com\\\/?s={search_term_string}\"},\"query-input\":{\"@type\":\"PropertyValueSpecification\",\"valueRequired\":true,\"valueName\":\"search_term_string\"}}],\"inLanguage\":\"es\"},{\"@type\":\"Organization\",\"@id\":\"https:\\\/\\\/www.udpcuenca.com\\\/#organization\",\"name\":\"UDP Cuenca\",\"url\":\"https:\\\/\\\/www.udpcuenca.com\\\/\",\"logo\":{\"@type\":\"ImageObject\",\"inLanguage\":\"es\",\"@id\":\"https:\\\/\\\/www.udpcuenca.com\\\/#\\\/schema\\\/logo\\\/image\\\/\",\"url\":\"https:\\\/\\\/www.udpcuenca.com\\\/wp-content\\\/uploads\\\/2024\\\/11\\\/cropped-Imagen781.png\",\"contentUrl\":\"https:\\\/\\\/www.udpcuenca.com\\\/wp-content\\\/uploads\\\/2024\\\/11\\\/cropped-Imagen781.png\",\"width\":583,\"height\":158,\"caption\":\"UDP Cuenca\"},\"image\":{\"@id\":\"https:\\\/\\\/www.udpcuenca.com\\\/#\\\/schema\\\/logo\\\/image\\\/\"}}]}<\/script>\n<!-- \/ Yoast SEO plugin. -->","yoast_head_json":{"title":"Relaci\u00f3n con las Instituciones - UDP Cuenca","description":"Visitas, Actos y Reuniones de las Instituciones vinculadas con UDP Provincial de Cuenca","robots":{"index":"index","follow":"follow","max-snippet":"max-snippet:-1","max-image-preview":"max-image-preview:large","max-video-preview":"max-video-preview:-1"},"canonical":"https:\/\/www.udpcuenca.com\/index.php\/relacion-con-las-instituciones\/","og_locale":"es_ES","og_type":"article","og_title":"Relaci\u00f3n con las Instituciones - UDP Cuenca","og_description":"Visitas, Actos y Reuniones de las Instituciones vinculadas con UDP Provincial de Cuenca","og_url":"https:\/\/www.udpcuenca.com\/index.php\/relacion-con-las-instituciones\/","og_site_name":"UDP Cuenca","article_modified_time":"2022-01-26T12:40:26+00:00","og_image":[{"url":"https:\/\/www.udpcuenca.com\/wp-content\/uploads\/2022\/01\/IMG_20210824_130303-1024x461.jpg","type":"","width":"","height":""}],"twitter_card":"summary_large_image","twitter_misc":{"Tiempo de lectura":"7 minutos"},"schema":{"@context":"https:\/\/schema.org","@graph":[{"@type":"WebPage","@id":"https:\/\/www.udpcuenca.com\/index.php\/relacion-con-las-instituciones\/","url":"https:\/\/www.udpcuenca.com\/index.php\/relacion-con-las-instituciones\/","name":"Relaci\u00f3n con las Instituciones - UDP Cuenca","isPartOf":{"@id":"https:\/\/www.udpcuenca.com\/#website"},"primaryImageOfPage":{"@id":"https:\/\/www.udpcuenca.com\/index.php\/relacion-con-las-instituciones\/#primaryimage"},"image":{"@id":"https:\/\/www.udpcuenca.com\/index.php\/relacion-con-las-instituciones\/#primaryimage"},"thumbnailUrl":"https:\/\/www.udpcuenca.com\/wp-content\/uploads\/2022\/01\/IMG_20210824_130303-1024x461.jpg","datePublished":"2022-01-25T19:33:36+00:00","dateModified":"2022-01-26T12:40:26+00:00","description":"Visitas, Actos y Reuniones de las Instituciones vinculadas con UDP Provincial de Cuenca","breadcrumb":{"@id":"https:\/\/www.udpcuenca.com\/index.php\/relacion-con-las-instituciones\/#breadcrumb"},"inLanguage":"es","potentialAction":[{"@type":"ReadAction","target":["https:\/\/www.udpcuenca.com\/index.php\/relacion-con-las-instituciones\/"]}]},{"@type":"ImageObject","inLanguage":"es","@id":"https:\/\/www.udpcuenca.com\/index.php\/relacion-con-las-instituciones\/#primaryimage","url":"https:\/\/www.udpcuenca.com\/wp-content\/uploads\/2022\/01\/IMG_20210824_130303-1024x461.jpg","contentUrl":"https:\/\/www.udpcuenca.com\/wp-content\/uploads\/2022\/01\/IMG_20210824_130303-1024x461.jpg"},{"@type":"BreadcrumbList","@id":"https:\/\/www.udpcuenca.com\/index.php\/relacion-con-las-instituciones\/#breadcrumb","itemListElement":[{"@type":"ListItem","position":1,"name":"Portada","item":"https:\/\/www.udpcuenca.com\/"},{"@type":"ListItem","position":2,"name":"Relaci\u00f3n con las Instituciones"}]},{"@type":"WebSite","@id":"https:\/\/www.udpcuenca.com\/#website","url":"https:\/\/www.udpcuenca.com\/","name":"UDP Cuenca","description":"Asociaci\u00f3n Democr\u00e1tica de Jubilados y Pensionistas &quot;San Julian&quot; UDP Cuenca","publisher":{"@id":"https:\/\/www.udpcuenca.com\/#organization"},"potentialAction":[{"@type":"SearchAction","target":{"@type":"EntryPoint","urlTemplate":"https:\/\/www.udpcuenca.com\/?s={search_term_string}"},"query-input":{"@type":"PropertyValueSpecification","valueRequired":true,"valueName":"search_term_string"}}],"inLanguage":"es"},{"@type":"Organization","@id":"https:\/\/www.udpcuenca.com\/#organization","name":"UDP Cuenca","url":"https:\/\/www.udpcuenca.com\/","logo":{"@type":"ImageObject","inLanguage":"es","@id":"https:\/\/www.udpcuenca.com\/#\/schema\/logo\/image\/","url":"https:\/\/www.udpcuenca.com\/wp-content\/uploads\/2024\/11\/cropped-Imagen781.png","contentUrl":"https:\/\/www.udpcuenca.com\/wp-content\/uploads\/2024\/11\/cropped-Imagen781.png","width":583,"height":158,"caption":"UDP Cuenca"},"image":{"@id":"https:\/\/www.udpcuenca.com\/#\/schema\/logo\/image\/"}}]}},"_links":{"self":[{"href":"https:\/\/www.udpcuenca.com\/index.php\/wp-json\/wp\/v2\/pages\/1304","targetHints":{"allow":["GET"]}}],"collection":[{"href":"https:\/\/www.udpcuenca.com\/index.php\/wp-json\/wp\/v2\/pages"}],"about":[{"href":"https:\/\/www.udpcuenca.com\/index.php\/wp-json\/wp\/v2\/types\/page"}],"author":[{"embeddable":true,"href":"https:\/\/www.udpcuenca.com\/index.php\/wp-json\/wp\/v2\/users\/1"}],"replies":[{"embeddable":true,"href":"https:\/\/www.udpcuenca.com\/index.php\/wp-json\/wp\/v2\/comments?post=1304"}],"version-history":[{"count":36,"href":"https:\/\/www.udpcuenca.com\/index.php\/wp-json\/wp\/v2\/pages\/1304\/revisions"}],"predecessor-version":[{"id":1408,"href":"https:\/\/www.udpcuenca.com\/index.php\/wp-json\/wp\/v2\/pages\/1304\/revisions\/1408"}],"wp:attachment":[{"href":"https:\/\/www.udpcuenca.com\/index.php\/wp-json\/wp\/v2\/media?parent=1304"}],"curies":[{"name":"wp","href":"https:\/\/api.w.org\/{rel}","templated":true}]}}